{"id":776,"date":"2014-02-09T18:01:51","date_gmt":"2014-02-09T17:01:51","guid":{"rendered":"http:\/\/www.evelyne-axell.info\/fra\/?page_id=776"},"modified":"2024-11-06T13:52:01","modified_gmt":"2024-11-06T12:52:01","slug":"videos","status":"publish","type":"page","link":"https:\/\/www.evelyne-axell.info\/fra\/videos\/","title":{"rendered":"Vid\u00e9os"},"content":{"rendered":"<h5>Extrait de l&rsquo;\u00e9mission \u00ab\u00a0De afspraak du 23\/10\/2015\u00a0\u00bb diffus\u00e9e sur la VRT \u00e0 propos d&rsquo;Evelyne Axell.<\/h5>\n<p>En n\u00e9erlandais uniquement.<\/p>\n<p>9&prime; 35&Prime; &#8211; 2015<\/p>\n<p><iframe loading=\"lazy\" title=\"De afspraak\" src=\"https:\/\/player.vimeo.com\/video\/144220826?dnt=1&amp;app_id=122963\" width=\"860\" height=\"484\" frameborder=\"0\" allow=\"autoplay; fullscreen; picture-in-picture; clipboard-write\"><\/iframe><\/p>\n<h5>&nbsp;<\/h5>\n<h5>&nbsp;<\/h5>\n<h5>Interview de Jean-Jacques Aillagon,<br>ancien Ministre Fran\u00e7ais de la Culture et Commissaire de l&rsquo;exposition \u00ab\u00a0La r\u00e9sistance des Images\u00a0\u00bb.<\/h5>\n<p>6&prime; 32&Prime; &#8211; 2015<\/p>\n<p><iframe loading=\"lazy\" title=\"Interview de Jean-Jacques Aillagon sur Evelyne Axell\" src=\"https:\/\/player.vimeo.com\/video\/126753661?dnt=1&amp;app_id=122963\" width=\"860\" height=\"484\" frameborder=\"0\" allow=\"autoplay; fullscreen; picture-in-picture; clipboard-write\"><\/iframe><\/p>\n<h5>&nbsp;<\/h5>\n<p>&nbsp;<\/p>\n<h5>Emission \u00ab\u00a0C&rsquo;est pas le bout du Monde\u00a0\u00bb<br>Diffus\u00e9e sur TV5 Monde et la RTBF.<\/h5>\n<h5>10&prime; 23&Prime; &#8211; 2014<\/h5>\n<h3>\u00ab\u00a0Evelyne Axell, l&rsquo;Amazone belge du Pop Art\u00a0\u00bb<\/h3>\n<p><iframe loading=\"lazy\" title=\"Evelyne Axell, l&#039;amazone belge du Pop Art\" src=\"https:\/\/player.vimeo.com\/video\/116431141?dnt=1&amp;app_id=122963\" width=\"860\" height=\"484\" frameborder=\"0\" allow=\"autoplay; fullscreen; picture-in-picture; clipboard-write\"><\/iframe><\/p>\n<p>&nbsp;<\/p>\n<h5>Interview with Jessica Morgan and Flavia Frigeri<br>En anglais uniquement.<br>6&prime; 23&Prime; &#8211; 2015<\/h5>\n<h2>The World goes Pop<\/h2>\n<p><iframe loading=\"lazy\" title=\"The World goes Pop at Tate Modern\" width=\"860\" height=\"484\" src=\"https:\/\/www.youtube.com\/embed\/TuHnkLGxyV8?feature=oembed\" frameborder=\"0\" allow=\"accelerometer; autoplay; clipboard-write; encrypted-media; gyroscope; picture-in-picture; web-share\" referrerpolicy=\"strict-origin-when-cross-origin\" allowfullscreen><\/iframe><\/p>\n<h5>&nbsp;<\/h5>\n<h5>Emission \u00ab\u00a0C&rsquo;est pas le bout du Monde\u00a0\u00bb<br>Diffus\u00e9e sur TV5 Monde et la RTBF.<br>6&prime; 30&Prime; &#8211; 2013<\/h5>\n<h2>\u00ab\u00a0Evelyne Axell, la V\u00e9nus du Pop Art.\u00a0\u00bb<\/h2>\n<p><iframe loading=\"lazy\" title=\"Evelyne Axell, la V\u00e9nus du Pop Art.\" src=\"https:\/\/player.vimeo.com\/video\/66174357?dnt=1&amp;app_id=122963\" width=\"860\" height=\"484\" frameborder=\"0\" allow=\"autoplay; fullscreen; picture-in-picture; clipboard-write\"><\/iframe><\/p>\n<p>Le premier de quelques courts m\u00e9trages sur l\u2019\u0153uvre d&rsquo;Evelyne Axell telle qu&rsquo;elle est per\u00e7ue au XXI\u00e8me si\u00e8cle.<\/p>\n<p>&nbsp;<\/p>\n<h5>\u00ab\u00a0Interview with Darsie Alexander\u00a0\u00bb<\/h5>\n<h5>En anglais uniquement.<\/h5>\n<h5>3&prime; 32&Prime; &#8211; 2015<\/h5>\n<h2>International Pop<\/h2>\n<p><iframe loading=\"lazy\" title=\"Interview with Darsie Alexander\" src=\"https:\/\/player.vimeo.com\/video\/134966254?dnt=1&amp;app_id=122963\" width=\"860\" height=\"484\" frameborder=\"0\" allow=\"autoplay; fullscreen; picture-in-picture; clipboard-write\"><\/iframe><\/p>\n\n\n<p><\/p>\n","protected":false},"excerpt":{"rendered":"<p>Extrait de l&rsquo;\u00e9mission \u00ab\u00a0De afspraak du 23\/10\/2015\u00a0\u00bb diffus\u00e9e sur la VRT \u00e0 propos d&rsquo;Evelyne Axell. En n\u00e9erlandais uniquement. 9&prime; 35&Prime; &#8211; 2015 &nbsp; &nbsp; Interview de Jean-Jacques Aillagon,ancien Ministre Fran\u00e7ais de la Culture et Commissaire de l&rsquo;exposition \u00ab\u00a0La r\u00e9sistance des <a class=\"more-link\" href=\"https:\/\/www.evelyne-axell.info\/fra\/videos\/\">Lire la suite&#8230;<\/a><\/p>\n","protected":false},"author":1,"featured_media":720,"parent":0,"menu_order":0,"comment_status":"closed","ping_status":"closed","template":"","meta":{"ngg_post_thumbnail":0,"footnotes":""},"class_list":["post-776","page","type-page","status-publish","has-post-thumbnail","hentry"],"jetpack_sharing_enabled":true,"_links":{"self":[{"href":"https:\/\/www.evelyne-axell.info\/fra\/wp-json\/wp\/v2\/pages\/776","targetHints":{"allow":["GET"]}}],"collection":[{"href":"https:\/\/www.evelyne-axell.info\/fra\/wp-json\/wp\/v2\/pages"}],"about":[{"href":"https:\/\/www.evelyne-axell.info\/fra\/wp-json\/wp\/v2\/types\/page"}],"author":[{"embeddable":true,"href":"https:\/\/www.evelyne-axell.info\/fra\/wp-json\/wp\/v2\/users\/1"}],"replies":[{"embeddable":true,"href":"https:\/\/www.evelyne-axell.info\/fra\/wp-json\/wp\/v2\/comments?post=776"}],"version-history":[{"count":11,"href":"https:\/\/www.evelyne-axell.info\/fra\/wp-json\/wp\/v2\/pages\/776\/revisions"}],"predecessor-version":[{"id":1421,"href":"https:\/\/www.evelyne-axell.info\/fra\/wp-json\/wp\/v2\/pages\/776\/revisions\/1421"}],"wp:featuredmedia":[{"embeddable":true,"href":"https:\/\/www.evelyne-axell.info\/fra\/wp-json\/wp\/v2\/media\/720"}],"wp:attachment":[{"href":"https:\/\/www.evelyne-axell.info\/fra\/wp-json\/wp\/v2\/media?parent=776"}],"curies":[{"name":"wp","href":"https:\/\/api.w.org\/{rel}","templated":true}]}}