{"id":24,"date":"2009-09-05T18:24:05","date_gmt":"2009-09-05T16:24:05","guid":{"rendered":"http:\/\/02b4752.netsolhost.com\/blog1\/?page_id=24"},"modified":"2025-12-08T19:27:55","modified_gmt":"2025-12-08T18:27:55","slug":"biographie","status":"publish","type":"page","link":"https:\/\/www.evelyne-axell.info\/fra\/biographie\/","title":{"rendered":"Biographie"},"content":{"rendered":"\n<p><\/p>\n\n\n\n<figure class=\"wp-block-image size-large\"><img data-recalc-dims=\"1\" loading=\"lazy\" decoding=\"async\" width=\"860\" height=\"1020\" src=\"https:\/\/i0.wp.com\/www.evelyne-axell.info\/fra\/wp-content\/uploads\/2025\/07\/Avril-1971-Grece-03.jpg?resize=860%2C1020&#038;ssl=1\" alt=\"\" class=\"wp-image-1435\" srcset=\"https:\/\/i0.wp.com\/www.evelyne-axell.info\/fra\/wp-content\/uploads\/2025\/07\/Avril-1971-Grece-03.jpg?resize=863%2C1024&amp;ssl=1 863w, https:\/\/i0.wp.com\/www.evelyne-axell.info\/fra\/wp-content\/uploads\/2025\/07\/Avril-1971-Grece-03.jpg?resize=337%2C400&amp;ssl=1 337w, https:\/\/i0.wp.com\/www.evelyne-axell.info\/fra\/wp-content\/uploads\/2025\/07\/Avril-1971-Grece-03.jpg?resize=126%2C150&amp;ssl=1 126w, https:\/\/i0.wp.com\/www.evelyne-axell.info\/fra\/wp-content\/uploads\/2025\/07\/Avril-1971-Grece-03.jpg?resize=768%2C912&amp;ssl=1 768w, https:\/\/i0.wp.com\/www.evelyne-axell.info\/fra\/wp-content\/uploads\/2025\/07\/Avril-1971-Grece-03.jpg?resize=1294%2C1536&amp;ssl=1 1294w, https:\/\/i0.wp.com\/www.evelyne-axell.info\/fra\/wp-content\/uploads\/2025\/07\/Avril-1971-Grece-03.jpg?w=1620&amp;ssl=1 1620w\" sizes=\"auto, (max-width: 860px) 100vw, 860px\" \/><\/figure>\n\n\n\n<div class=\"wp-block-group\"><div class=\"wp-block-group__inner-container is-layout-constrained wp-block-group-is-layout-constrained\">\n<h3 class=\"wp-block-heading\">Evelyne Axell<\/h3>\n\n\n\n<p>N\u00e9e le 16 ao\u00fbt 1935 \u00e0 Namur, en Belgique, Evelyne Axell (n\u00e9e Devaux) grandit au sein d\u2019une famille catholique traditionnelle de la classe moyenne. Son p\u00e8re, Andr\u00e9 Devaux, jouit d\u2019une solide r\u00e9putation d\u2019orf\u00e8vre et de bijoutier dans la r\u00e9gion, tandis que sa m\u00e8re, Mariette Godu, est issue d\u2019une modeste lign\u00e9e de bateliers. D\u00e8s l\u2019\u00e2ge de deux ans, Evelyne se distingue en \u00e9tant \u00e9lue \u00ab plus beau b\u00e9b\u00e9 de la province de Namur \u00bb, une beaut\u00e9 qui marquera durablement son parcours d\u2019adulte.<\/p>\n\n\n\n<p>En ao\u00fbt 1944, la maison familiale et l\u2019atelier de Namur sont d\u00e9truits par une bombe de l\u2019aviation am\u00e9ricaine, laquelle visait le pont voisin. Malgr\u00e9 cet \u00e9pisode dramatique, Evelyne traverse la Seconde Guerre mondiale sans en ressentir de profondes s\u00e9quelles, sa famille ayant pass\u00e9 l\u2019essentiel du conflit \u00e0 W\u00e9pion, dans leur r\u00e9sidence d\u2019\u00e9t\u00e9.<\/p>\n\n\n\n<p>Par la suite, Evelyne est scolaris\u00e9e dans un pensionnat de jeunes filles \u00e0 Bruxelles o\u00f9 elle d\u00e9couvre et cultive sa passion pour le dessin et la peinture. Encourag\u00e9e dans ses talents artistiques, elle poursuit ses \u00e9tudes \u00e0 l\u2019Acad\u00e9mie des Beaux-Arts de Namur en 1953, puis int\u00e8gre, l\u2019ann\u00e9e suivante, le Conservatoire d\u2019art dramatique \u00e0 Bruxelles. Sa passion et son talent lui permettent d\u2019entamer rapidement une carri\u00e8re d\u2019actrice prometteuse.<\/p>\n\n\n\n<p>En 1956, elle est fianc\u00e9e \u00e0 un riche coiffeur namurois et s\u2019appr\u00eate \u00e0 se marier lorsqu\u2019elle fait, lors d\u2019un trajet en train revenant de Bruxelles, la rencontre d\u00e9terminante de Jean Antoine, jeune r\u00e9alisateur de t\u00e9l\u00e9vision sp\u00e9cialis\u00e9 dans les documentaires artistiques pour la t\u00e9l\u00e9vision belge naissante. Ils se marient \u00e0 Bruxelles en d\u00e9cembre de la m\u00eame ann\u00e9e. Elle d\u00e9cide alors d\u2019adopter le nom d\u2019Evelyne Axell pour sa carri\u00e8re d\u2019actrice. Jean Antoine lui offre son premier r\u00f4le \u00e0 la t\u00e9l\u00e9vision, celui d\u2019intervieweuse dans \u00ab Jeunes Artistes de Namur \u00bb (1957), \u00e9mission o\u00f9 elle met en lumi\u00e8re de jeunes peintres belges d\u2019avant-garde. Apr\u00e8s la naissance de leur fils Philippe en juin 1957, Evelyne Axell poursuit une activit\u00e9 de pr\u00e9sentatrice t\u00e9l\u00e9, d\u00e9pendant essentiellement de la volont\u00e9 de son mari pour lui obtenir du travail. Malgr\u00e9 une notori\u00e9t\u00e9 locale croissante, elle trouve ce m\u00e9tier d\u00e9nu\u00e9 de sens.<\/p>\n\n\n\n<p>En 1959, elle s\u2019installe \u00e0 Paris dans l\u2019espoir de donner une nouvelle ampleur \u00e0 sa carri\u00e8re d\u2019actrice. L\u00e0, elle joue dans plusieurs pi\u00e8ces de th\u00e9\u00e2tre ainsi que dans diverses productions t\u00e9l\u00e9vis\u00e9es. Finalement, elle retourne en Belgique pour tourner dans plusieurs films, dont trois r\u00e9alis\u00e9s par son mari (\u00ab Jardins fran\u00e7ais \u00bb, \u00ab La Nouvelle Eurydice \u00bb et \u00ab Comacina \u00bb), ainsi qu\u2019un film r\u00e9alis\u00e9 par Andr\u00e9 Cavens et produit par Pierre Levie, \u00ab Il y a un train toutes les heures \u00bb. En 1963, elle \u00e9crit et interpr\u00e8te le film provocateur \u00ab Le Crocodile en peluche \u00bb, une histoire d\u2019amour transgressive entre une femme blanche et un homme noir \u00e0 l\u2019\u00e9poque de la d\u00e9colonisation, toujours sous la direction de Jean Antoine.<\/p>\n\n\n\n<p>En 1964, Evelyne Axell renonce \u00e0 sa carri\u00e8re d\u2019actrice, pourtant prometteuse, pour se consacrer pleinement \u00e0 la peinture, dans une volont\u00e9 d\u2019ind\u00e9pendance vis-\u00e0-vis de son mari. Elle choisit pour mentor le grand peintre surr\u00e9aliste Ren\u00e9 Magritte, proche de la famille, qu\u2019elle va r\u00e9guli\u00e8rement rencontrer pendant un an. Celui-ci lui transmet les secrets de la peinture \u00e0 l\u2019huile, faisant d\u2019elle son unique \u00e9l\u00e8ve. Dans le m\u00eame temps, son mari r\u00e9alise une s\u00e9rie de documentaires sur le Pop Art et le Nouveau R\u00e9alisme ; elle l\u2019accompagne \u00e0 Londres, o\u00f9 elle rencontre Allen Jones, Peter Phillips, Pauline Boty, Peter Blake, Patrick Caulfield et Joe Tilson. Ces rencontres sont d\u00e9cisives : nourrie par ces influences, Evelyne Axell s\u2019engage r\u00e9solument dans la voie du pop art, devenant l\u2019une des pionni\u00e8res belges de cette avant-garde. Malgr\u00e9 l\u2019int\u00e9r\u00eat de certains collectionneurs belges, les galeries restent frileuses \u00e0 exposer ses \u0153uvres. C\u2019est \u00e0 cette p\u00e9riode qu\u2019elle adopte le pseudonyme androgyne \u00ab Axell \u00bb, esp\u00e9rant ainsi contourner les pr\u00e9jug\u00e9s li\u00e9s \u00e0 son genre, \u00e0 sa jeunesse et \u00e0 sa beaut\u00e9, mais aussi \u00e0 l\u2019\u00e9rotisme assum\u00e9 de ses \u0153uvres.<\/p>\n\n\n\n<p>En 1966, ses toiles \u00ab Erotomobiles \u00bb re\u00e7oivent une Mention au \u00ab\u00a0Prix de la Jeune Peinture Belge\u00a0\u00bb et le \u00ab\u00a0Prix Lissone\u00a0\u00bb \u00e0 Milan en 1967. Cette m\u00eame ann\u00e9e, elle expose pour la premi\u00e8re fois en solo au Palais des Beaux-Arts de Bruxelles. Peu apr\u00e8s, elle d\u00e9laisse la toile au profit de supports plastiques, d\u2019abord le Clartex, puis le Plexiglas, qu\u2019elle recouvre d\u2019\u00e9mail pour automobile ou de peinture fluorescente en spray, une technique novatrice qu\u2019elle d\u00e9voile \u00e0 la galerie Contour de Bruxelles \u00e0 l\u2019automne 1967.<\/p>\n\n\n\n<p>En avril 1969, lors du vernissage de son exposition \u00e0 la Galerie Richard Foncke \u00e0 Gand, elle orchestre un happening marquant : devant l\u2019assembl\u00e9e stup\u00e9faite elle rhabille une femme nue portant un casque d\u2019astronaute. Le critique fran\u00e7ais Pierre Restany, pr\u00e9sent ce soir-l\u00e0, salue l\u2019\u00e9v\u00e9nement : <em>\u00ab La peintre belge Evelyne Axell rejoint le cercle des femmes artistes aux c\u00f4t\u00e9s de Niki de Saint Phalle en France, Yayoi Kusama au Japon, Marisol au Venezuela, et la liste est longue. Ces femmes vivent leur r\u00e9volution sexuelle en tant que femmes r\u00e9elles, avec toutes les cons\u00e9quences imm\u00e9diates et pr\u00e9visibles que cela implique : l\u2019initiative change de camp \u00bb<\/em>. Les photos de ce \u00ab strip-tease \u00e0 l\u2019envers \u00bb lui inspirent des \u0153uvres qui lui valent de devenir la premi\u00e8re femme artiste \u00e0 recevoir le \u00ab&nbsp;Prix de la Jeune Peinture Belge&nbsp;\u00bb, consacrant sa place dans l\u2019avant-garde artistique.<\/p>\n\n\n\n<p>L\u2019exposition suivante, \u00e0 la galerie Templon \u00e0 Paris, prend la forme d\u2019un clin d\u2019\u0153il ironique \u00e0 Pierre Restany. Intitul\u00e9e \u00ab Pierre et les Opalines \u00bb, elle pr\u00e9sente un portrait du critique entour\u00e9 d\u2019une s\u00e9rie de nus opalins et sensuels \u2014 des femmes sans nom, chacune dot\u00e9e d\u2019une nationalit\u00e9 diff\u00e9rente.<\/p>\n\n\n\n<p>Sa carri\u00e8re prend une dimension internationale : expositions \u00e0 Paris, Milan, Cologne, Knokke, Gand et Bruxelles. Elle participe au comit\u00e9 belge de soutien \u00e0 Angela Davis et s\u2019implique dans les luttes f\u00e9ministes. Sa conscience \u00e9cologique s\u2019affirme \u00e9galement. Elle imagine en 1970 un projet d\u2019installation visionnaire : <em>\u00ab&nbsp;Projet pour un mus\u00e9e arch\u00e9ologique du XXe si\u00e8cle. D\u00e9partement : l\u2019\u00e8re du plastique&nbsp;\u00bb<\/em>. Elle y anticipe un futur o\u00f9 le plastique aurait disparu et o\u00f9 ses vestiges seraient pr\u00e9sent\u00e9s comme les traces d\u2019une civilisation r\u00e9volue.<\/p>\n\n\n\n<p>Le Palais des Beaux-Arts de Bruxelles lui consacre de nouveau une grande exposition en 1971. Le style de ses \u0153uvres \u00e9volue vers une \u00e9vocation plus marqu\u00e9e de la nature. Elle s\u2019inspire de photos d\u2019elle prises sur la plage lors de ses vacances en Yougoslavie. Un personnage masculin fait son apparition dans ses tableaux ; c\u2019est Tarzan, souvenir ironique d\u2019un id\u00e9al de son enfance ! Elle peint un \u00e9l\u00e9phant bleu presque grandeur nature, des animaux dans une nature luxuriante.<\/p>\n\n\n\n<p>En 1972, Evelyne Axell entreprend un voyage en Am\u00e9rique centrale. Au Mexique, elle rencontre le peintre muraliste David Alfaro Siqueiros qui lui obtient une grande exposition au Palacio de Bellas Artes pour l\u2019ann\u00e9e suivante. Puis elle rend visite \u00e0 la famille de son oncle au Guatemala : Jean Devaux, cr\u00e9ateur avec son \u00e9pouse Marcelle Bonge du Ballet national du Guatemala. Elle tombe sous le charme des paysages d\u2019une jungle qu\u2019elle peint depuis pr\u00e8s d\u2019un an sans l\u2019avoir jamais vue. Enthousiaste, elle rentre en Belgique pleine de projets.<\/p>\n\n\n\n<p>Quelques jours plus tard, par une nuit pluvieuse sur une autoroute belge, Evelyne se rend \u00e0 Bruges pour admirer certaines de ses \u0153uvres expos\u00e9es, accompagn\u00e9e d\u2019un critique d\u2019art tout juste propri\u00e9taire d\u2019une voiture am\u00e9ricaine \u00e0 bo\u00eete automatique. Un tragique concours de circonstances survient : le conducteur confond les p\u00e9dales. Evelyne, assise du c\u00f4t\u00e9 passager, ne survivra pas \u00e0 l\u2019accident. Ainsi, sa vie s\u2019ach\u00e8ve brutalement \u00e0 l\u2019\u00e2ge de 37 ans dans les premi\u00e8res heures du 10 septembre 1972. <\/p>\n\n\n\n<p>Ce n\u2019est que trente ans apr\u00e8s sa disparition qu\u2019elle est enfin reconnue comme l\u2019une des principales figures du Pop Art. Depuis, ses \u0153uvres sont r\u00e9guli\u00e8rement expos\u00e9es dans le monde entier et font partie des collections de prestigieux mus\u00e9es. En \u00e0 peine une d\u00e9cennie de carri\u00e8re, Evelyne Axell a marqu\u00e9 l\u2019histoire de l\u2019art par un langage unique, m\u00ealant Pop Art, sensualit\u00e9 et engagement. Son \u0153uvre, \u00e0 la fois joyeuse, provocatrice, ironique et visionnaire, continue aujourd\u2019hui de trouver une r\u00e9sonance particuli\u00e8re, tant par sa modernit\u00e9 que par sa port\u00e9e critique.<\/p>\n\n\n\n<p>&nbsp;<\/p>\n\n\n\n<h3 class=\"wp-block-heading\">Mus\u00e9es et collections publiques poss\u00e9dant des \u0153uvres d\u2019Evelyne Axell :<\/h3>\n\n\n\n<p><strong>Tate Modern, Londres<\/strong><br><strong>MoMA, Museum of Modern Art, New York<\/strong><br><strong>Centre Pompidou, Paris<\/strong><br><strong>Pinault Collection, Paris, Venise<\/strong><br><strong>Andy Warhol Foundation, New York<\/strong><br><strong>Mumok, Museum Moderner Kunst, Vienne<\/strong><br><strong>Museu Cole\u00e7\u00e3o Berardo, Lisbonne<br>Fondazione Bracco, Milan<\/strong><br><strong>Fondation Gandur pour l&rsquo;Art, Gen\u00e8ve<br>FAMM (Femmes Artistes du Mus\u00e9e de Mougins), Mougins<\/strong><br><strong>Mus\u00e9es Royaux des Beaux-Arts de Belgique, Bruxelles<\/strong><br><strong>Mus\u00e9e d\u2019Ixelles, Bruxelles<\/strong><br><strong>SMAK, Stedelijk Museum voor Actuele Kunst, Gand,<\/strong><br><strong>Le Delta, Namur<\/strong><br><strong>MuZEE, Ostende<br>Design Museum Brussels, Bruxelles<br>Belfius Art Collection, Bruxelles<br><\/strong><\/p>\n\n\n\n<p>&nbsp;<\/p>\n\n\n\n<p><\/p>\n\n\n\n<p><\/p>\n\n\n\n<h3 class=\"wp-block-heading\">EXPOSITIONS &#8211; EXHIBITIONS<\/h3>\n\n\n\n<p>2025<br>Groupe &#8211; Group<br>\u00ab The Woman Question 1550 \u2013 2025 \u00bb, 22.11.2025 \u2013 03.05.2026, Museum of Modern Art in Warsaw, Warsaw, Poland.<br>\u00ab La Marrade \u00bb, 18.10.2025 \u2013 08.04.2026, LAAC, Dunkerque, France.<br>\u00ab Pop Models \u00bb, 22.06 \u2013 28.09.2025, Museum MORE, Gorssel, The Netherlands.<br>\u00ab Acquisitions r\u00e9centes \u00bb, 21.05.2025 \u2013 01.06.2026, Mus\u00e9es Royaux des Beaux-Arts de Belgique, Brussels, Belgium.<br>\u00ab The Impermanent \u2013 Four takes on the collection \u00bb, 21.02 \u2013 05.10.2025, Museum of Modern Art in Warsaw, Warsaw, Poland.<br>\u00ab Pom Pom Pidou. Un r\u00e9cit renversant de l\u2019art moderne \u00bb, 26.04 \u2013 06.06.2025, Tripostal, Lille, France.<br>\u00ab Conversation Pieces \u00bb, 05.05 \u2013 05.06.2025, Galerie Georges-Philippe &amp; Nathalie Vallois, Paris, France.<\/p>\n\n\n\n<p>2024<br>Individuelles \u2013 Solo<br>\u00ab Power shift &#8211; Evelyne Axell &amp; Allison Zuckerman \u00bb, 06.11 \u2013 21.12.2024, K\u00f6nig Galerie, Berlin, Germany<\/p>\n\n\n\n<p>Groupe &#8211; Group<br>\u00ab Le surr\u00e9alisme : bouleverser le r\u00e9el \u00bb, 19.10.2024 \u2013 16.02.2025, Mus\u00e9e des Beaux-Arts, Mons, Belgium<br>\u00ab What\u2019s the story? \u00bb, 23.11.2024 \u2013 09.02.2025, KMSKA, Royal Museum of Fine Arts Antwerp, Antwerp, Belgium<br>\u00ab Attitude \u00bb, 06.07 \u2013 25.11.2024, Peiremuzee, Knokke-Heist, Belgium<br>\u00ab Si le coeur vous en dit. Artistes femmes au XXe si\u00e8cle en Belgique \u00bb, 21.09.2024 \u2013 16.02.2025, Mus\u00e9e des Beaux-Arts, Charleroi, Belgium<br>\u00ab Pop Forever \u2013 Tom Wesselmann &amp;\u2026 \u00bb, 16.10.2024 \u2013 24.02.2025, Fondation Louis Vuitton, Paris, France<br>\u00ab Love is Louder \u00bb, 12.10.2024 \u2013 05.01.2025, BOZAR, Brussels, Belgium<br>\u00ab Figuration narrative &#8211; Un autre langage pop \u00bb, 13.09 \u2013 15.12.2024, Mus\u00e9e d\u2019art de Pully, Pully, Switzerland<\/p>\n\n\n\n<p>2023<br>Groupe &#8211; Group<br>\u00ab Forever Sixties \u00bb, 10.06 &#8211; 10.09.2023, Couvent des Jacobin, Rennes, France<br>\u00ab Plastic World \u00bb, 22.06 &#8211; 01.10.2023, Schirn Kunsthalle Frankfurt, Frankfurt, Germany<br>\u201cBelgian Pop Art\u201d, 05.08 \u2013 01.10.2023, Maurice Verbaet Gallery, Knokke-Heist, Belgium<br>\u00ab Through A Glass Brightly \u00bb, 22.11 \u2013 22.12.2023, K\u00f6nig Galerie, Berlin, Germany<br>\u201cBorderline, between a line and a border\u201d, 13.04 &#8211; 05.05.2023, Kunstraum, Brussels, Belgium<br>\u00ab En Regard \u00bb, 01.04 \u2013 13.08.2023, Le Delta, Namur, Belgium<br>\u00ab Aplatitudes \u00bb, 03.02 &#8211; 18.03.2023, Galerie Vallois, Paris, France<br>\u00ab Les p\u00e9rip\u00e9ties d\u2019un centre d\u2019art contemporain de province (1979-2023) \u00bb, 28.01 &#8211; 19.02.2023, La Ch\u00e2taigneraie &#8211; Centre Wallon d\u2019Art Contemporain, Fl\u00e9malle, Belgium<\/p>\n\n\n\n<p>2022<br>Individuelles \u2013 Solo<br>\u00ab From Studies to Paintings \u00bb, 25.03 &#8211; 24.04.2022, K\u00f6nig Galerie, Berlin, Germany<\/p>\n\n\n\n<p>Groupe &#8211; Group<br>\u201cThe Amazons of Pop\u201d, 22.04 &#8211; 28.08.2022, Kunsthaus Graz, Austria<br>\u201cBelgitudes\u201d, 02.04 &#8211; 09.10.2022, LAAC, Dunkerque, France<br>\u201cFemale Pop : Then and Now\u201d, 10.03 &#8211; 10.04.2022, One Hour Ahead, Aspen, Colorado, USA<\/p>\n\n\n\n<p>2021<br>Individuelles \u2013 Solo<br>\u00ab Evelyne Axell : Body Double \u00bb, 01.08.2020 &#8211; 31.05.2021, Muzeum Susch, Switzerland<\/p>\n\n\n\n<p>Groupe &#8211; Group<br>\u201cWitches!\u201d, 27.10.2021 &#8211; 16.01.2022, Espace Vanderborght ,ULB, Brussels, Belgium<br>\u201cImage to Image\u201d, 16.11 &#8211; 16.12.2021, Ku\u0107a legata, Belgrade, Serbia<br>\u201cThe Amazons of Pop\u201d, 02.10.2021 &#8211; 06.03.2022, Kunsthalle zu Kiel, Kiel, Germany<br>\u201cDu COO \u00e0 l\u2019Art\u201d, 01.06.2021 &#8211; 09.05.2022, MuZEE, Ostend, Belgium<br>\u201cNo more boring art\u201d, 24.09. &#8211; 26.10.2021, SMAK, Ghent, Belgium<br>\u201cOuverture\u201d, 22.03.2021 &#8211; 30.01.2022, Bourse de commerce &#8211; Pinault Collection, Paris, France<br>\u201cEsp\u00e8ces d\u2019espace\u201d, 11.09.2021 &#8211; 28.08.2022, Le Delta, Namur, Belgium<br>\u201cCrush!\u201d, 21.10.2021 &#8211; 06.02.2022, Design Museum Brussels, Brussels, Belgium<br>\u201cShe-Bam Pow POP Wizz ! Les Amazones du POP\u201d,03.10.2020 &#8211; 29.08.2021, MAMAC, Nice, France<br>\u00abEnjoy,The mumok Collection in Change\u00bb, 19.06.2021 &#8211; 18.04.2022, MUMOK, Vienna, Austria<\/p>\n\n\n\n<p>2020<br>Individuelles \u2013 Solo<br>\u00ab Evelyne Axell : Body Double \u00bb, 01.08.2020 &#8211; 31.05.2021, Muzeum Susch, Switzerland<\/p>\n\n\n\n<p>Groupe &#8211; Group<br>\u00ab Domestic Disruption \u00bb, 14.11.2020 \u2013 02.03.2025, MoMA &#8211; Museum of Modern Art, New York City, USA<br>\u00ab She-Bam Pow POP Wizz ! Les Amazones du POP \u00bb, 03.10.2020 &#8211; 29.08.2021, MAMAC, Nice, France<br>\u00ab .be Modern \u00bb, 02.10.2020 &#8211; 21.02.2021, Mus\u00e9es Royaux des Beaux-Arts de Belgique, Brussels, Belgium<br>\u00ab Curated by Artcurial \u00bb,03 &#8211; 26.07.2020, Maurice Verbaet Gallery, Knokke, Belgium<br>\u00ab International Pop \u00bb, 15.06 &#8211; 15.10.2020, The Mayor Gallery, London, UK<br>\u201cPortraits Forever\u201d, 25.02 &#8211; 27.02.2020, Tajan, The Gallery, Paris, France<\/p>\n\n\n\n<p>2019<br>Individuelles \u2013 Solo<br>\u201cEvelyne Axell, M\u00e9thodes Pop\u201d, 21.09.2019 &#8211; 26.01.2020, Le Delta, Namur, Belgium<\/p>\n\n\n\n<p>Groupe &#8211; Group<br>\u201c69, ann\u00e9e \u00e9rotique\u201d, 21.11 &#8211; 07.12.2019, Galerie T&amp;L, Paris, France<br>\u201cWomen! Underexposed\u201d, 15.07.2019 &#8211; 01.02.2021, Belfius Art Gallery, Brussels, Belgium<br>\u201cKeith Haring et son entourage belge\u201d, 05.09 &#8211; 31.10.2019, Galerie Jacques de la B\u00e9raudi\u00e8re, Brussels, Belgium<br>\u00abCr\u00e9atrices &#8211; L\u2019\u00e9mancipation par l\u2019Art\u00bb, 28.06 &#8211; 27.09.2019, Mus\u00e9e des Beaux-Arts de Rennes, France<br>\u201cTout est Pop\u201d, 16.05.\u2013 29.06.2019, Belgian Gallery, Namur, Belgium<br>\u00ab Private Choices 2 \u00bb, 01.05 \u2013 30.06.2019, Maurice Verbaet Center, Antwerp, Belgium<br>\u201cRestless youth\u201d, 08.03.2019 &#8211; 29.02.2020, House of European History, Brussels, Belgium<br>\u201cA Woman Looking at Men Looking at Women\u201d, 29.12.2018 \u2013 30.06.2019, Muzeum Susch, Susch, Switzerland<\/p>\n\n\n\n<p>2018<br>Individuelles \u2013 Solo<br>\u201cEvelyne Axell \u2013 Venus, Leda &amp; Mona Lisa \u00bb, 28.04 \u2013 27.05.2018, K\u00f6nig Galerie, Berlin, Germany<br>\u00ab Evelyne Axell \u2013 CHEESE ! \u00bb, 28.06 \u2013 28.07.2018, K\u00f6nig London, London, UK<\/p>\n\n\n\n<p>Groupe &#8211; Group<br>\u201cForever Pop\u201d, 14 \u2013 27.09.2018, Espace Tajan, Paris, France<br>\u00ab Beyond Pop \u00bb, Since 09.2016, Tate Modern, London, UK<br>\u00ab The 60s &amp; 70s in Belgium \u00bb, 19 \u2013 22.04.2018, Galerie Antoine Laurentin, Brussels, Belgium<br>\u00ab Coups de c\u0153ur \u00bb, 22.11.2017 &#8211; 27.01.2018, Patrick Derom Gallery, Brussels, Belgium<\/p>\n\n\n\n<p>2017<br>Groupe &#8211; Group<br>\u201cExposition d\u2019automne\u201d, Mus\u00e9e d\u2019Ixelles, Brussels, Belgium<br>\u00ab\u00a0De la collection\/Verlust der Mitte (Perte du centre)\u00a0\u00bb, 20.05 \u2013 27.08.2017, SMAK, Ghent, Belgium<br>\u201cThe Beguiling Siren is Thy Crest\u201d, 25.03 \u2013 18.06.2017, Warsaw Museum of Modern Art, Warsaw, Poland<br>\u00ab Show Me Your Archive and I Will Tell You Who is in Power \u00bb, 29.04-16.06.2017, KIOSK Art Center, Ghent, Belgium<\/p>\n\n\n\n<p>2016<br>Groupe &#8211; Group<br>\u201cArtview\u201d, 21.04 \u2013 19.06.2016, ADAM (Art &amp; Design Atomium Museum), Brussels, Belgium<br>\u201cBeyond Pop\u201d, Since 09.2016, Tate Modern, London, UK<br>\u201cManifesta 11 \u00bb, 11.06 \u2013 18.09.2016, L\u00f6wenbr\u00e4ukunst, Z\u00fcrich, Switzerland<br>\u00ab Sous le soleil exactement \u00bb, Galerie Sophie Scheidecker, Paris, France<br>\u00ab International Pop \u00bb, 24.02 \u2013 15.05.2016, Philadelphia Museum of Art, Philadelphia, Pensylvania, USA<\/p>\n\n\n\n<p>2015<br>Groupe &#8211; Group<br>\u00ab The World goes Pop \u00bb, 10.09.2015 \u2013 17.01.2016, Tate Modern, London, UK<br>\u00ab International Pop \u00bb, 11.10.2015 \u2013 17.01.2016, Dallas Museum of Art, Dallas, Texas, USA<br>\u201cConnexions One, Art Belge de 1945 \u00e0 1975\u201d, 19.09 \u2013 20.12.2015, mvArtcenter, Antwerp, Belgium<br>\u00ab Pop Art in Belgium ! \u00bb, 15.10.2015 &#8211; 14.02.2016, ING Art Center, Brussels, Belgium<br>\u201cPop Impact, Women Pop Artists\u201d, 16.10.2015 \u2013 14.02.2016, Maison de la Culture de la province de Namur, Namur, Belgium<br>\u00ab La R\u00e9sistance des Images \u00bb, 24.04 \u2013 31.07.2015, La Patinoire Royale, Brussels, Belgium<br>\u00ab International Pop \u00bb, 11.04 \u2013 29.08.2015, Walker Art Center, Minneapolis, Minnesota, USA<br>\u00ab Noir Chantilly, F\u00e9minisme(s) \u00bb, 14.02 \u2013 05.04.2015, Centre Wallon d\u2019Art Contemporain, Fl\u00e9malle, Belgium<br>\u00ab Le fruit d\u00e9fendu \u00bb, 07.03 \u2013 29.03.2015, Galerie du Beffroi, Namur, Belgium<\/p>\n\n\n\n<p>2014<br>Groupe &#8211; Group<br>\u201c Femminilit\u00e0 Radicale \u201c, 21.02 &#8211; 07.09.2014, Museo Gucci, Florence, Italy<br>\u00ab RE: Painted \u00bb, 24.01 \u2013 26.04.2014, SMAK, Ghent, Belgium<br>\u201c4 X 4 \u201c, 12.06 \u2013 26.07.2014, Stephen Friedman Gallery, London, UK<br>\u00ab Pop to Popism \u00bb, 01.11.2014 \u2013 01.03.2015, Art Gallery of New South Wales, Sidney, Australia<\/p>\n\n\n\n<p>2013<br>Groupe &#8211; Group<br>\u201cAxelle Red, Fashion Victim\u201d, 26.01 \u2013 02.06.2013, Fashion Museum, Hasselt, Belgium<br>\u201cGLAM! The performance of Style\u201d, 08.02 &#8211; 12.05.2013, Tate Liverpool, Liverpool, UK<br>\u201cGLAM! The performance of Style\u201d, 14.06 &#8211; 22.09.2013, Schirn Kunsthalle, Frankfurt, Germany<br>\u201cGLAM! The performance of Style\u201d, 19.10.2013 &#8211; 02.02.2014, LENTOS Kunstmuseum, Linz, Austria<br>\u201cWarhol, Axell, un double regard sur les Sixties\u201d, 20.09 \u2013 29.09.2013, Cornette de Saint Cyr \u2013 Bruxelles, Brussels, Belgium<br>\u201cPop Art Design\u201d, 22.10.2013 \u2013 09.02.2014, Barbican Art Gallery, London, UK<\/p>\n\n\n\n<p>2012<br>Individuelles \u2013 Solo<br>\u201cThe great journey into Space\u201d, 30.04 &#8211; 25.08.2012, Broadway 1602 Gallery, New York, USA<\/p>\n\n\n\n<p>Groupe &#8211; Group<br>\u201cPop Art in Europa\u201d, 08.09.2012 \u2013 06.01.2013, Museum Het Valkhof, Nijmegen, The Netherlands<br>\u201cFaces\u201d, 22.07 \u2013 29.08.2012, Palais Royal de Bruxelles, Brussels, Belgium<\/p>\n\n\n\n<p>2011<br>Individuelles \u2013 Solo<br>\u00ab La Terre est ronde \u00bb, 09.04 &#8211; 13.06.2011, Kunstverein, Hamburg, Germany<br>\u00ab Axelleration \u00bb (retrospective exhibition), 03.07 &#8211; 03.10.2011, Museum Abteiberg, Monchengladbach, Germany<\/p>\n\n\n\n<p>Groupe &#8211; Group<br>\u00ab Modern Classics \u00bb, 23.11 \u2013 24.12.2011, Patrick Derom Gallery, Brussels, Belgium<br>\u201cPOWER UP \u2013 Female Pop Art\u201d, 23.07 \u2013 09.10.2011, St\u00e4dtische Galerie, Bietigheim-Bissingen, Germany<br>\u00ab Threat \u00bb, 07.05 \u2013 31.07.2011, Broadway 1602 Gallery, New York, USA<\/p>\n\n\n\n<p>2010<br>Individuelles \u2013 Solo<br>\u00ab Evelyne Axell, Images contestataires \u00bb, 22.10.2010 &#8211; 16.01.2011, WIELS, Brussels, Belgium<\/p>\n\n\n\n<p>Groupe &#8211; Group<br>\u201cSeductive Subversion: Women Pop Artists 1958 \u2013 1968\u201d, 15.10.2010 &#8211; 09.01.2011, Brooklyn Museum, New York, New York, USA<br>\u201cSeductive Subversion: Women Pop Artists 1958 \u2013 1968\u201d, 22.01 &#8211; 15.03.2010, University of the Arts, Philadelphia, Pensylvania, USA<br>\u00ab H1N1 Surviving \u00bb, 29.04 \u2013 29.05.2010, Contemporary by Golconda, Tel Aviv, Isra\u00ebl<br>\u201cPOWER UP \u2013 Female Pop Art\u201d, 05.11.2010 \u2013 08.03.2011, Kunsthalle, Vienna, Austria<br>\u00ab Inaugural Group Show \u00bb, 21.02 \u2013 01.05.2010, Broadway 1602 Gallery, New York, USA<\/p>\n\n\n\n<p>2009<br>Individuelles \u2013 Solo<br>\u00ab Evelyne Axell, le Pop Art en Wallonie \u00bb, 12.09 \u2013 12.10.2009, La Ch\u00e2taigneraie &#8211; Centre Wallon d\u2019Art Contemporain, Fl\u00e9malle, Belgium<br>\u201cAxell\u2019s Paradise, Last works (1971-72) before she vanished\u201d, 01.10 \u2013 21.11.2009, Broadway 1602 Gallery, New York, USA<br>\u201cEt moi, et moi et moi\u2026 par Evelyne Axell\u201d, 14.05 \u2013 01.08.2009, Galerie Natalie Seroussi, Paris, France<\/p>\n\n\n\n<p>Groupe &#8211; Group<br>\u00ab elles@centrepompidou \u00bb, 27.05.2009 \u2013 24.05.2010, Centre Pompidou, Paris, France<br>\u00ab Ingres et la modernit\u00e9 \u00bb, 03.07 \u2013 04.10.2009, Mus\u00e9e Ingres, Montauban, France<br>\u00ab Artists from the 60s \u00bb, 09.01 \u2013 04.02.2009, The Mayor Gallery, London, UK<\/p>\n\n\n\n<p>2008<br>Individuelles \u2013 Solo<br>\u00ab Axell (1965 \u2013 1972) Entre Pop Art et Figuration Narrative \u00bb, 27.03 \u2013 17.05.2008, Galerie Natalie Seroussi, Paris, France<\/p>\n\n\n\n<p>Groupe &#8211; Group<br>\u00ab New Acquisitions \u00bb, 08.10 \u2013 29.11.2008, Patrick Derom Gallery, Brussels, Belgium<\/p>\n\n\n\n<p>2007<br>Groupe &#8211; Group<br>\u00ab Pop Art! 1956-1968 \u00bb, 26.10.2007 \u2013 27.01.2008, Scuderie del Quirinale, Rome, Italy<\/p>\n\n\n\n<p>2006<br>Individuelles \u2013 Solo<br>\u201cEvelyne Axell, Die belgische Amazone der Pop Art\u201d, 26.01 \u2013 25.02.2006, Fernsehturm and Belgian Embassy, Berlin, Germany<br>\u00ab Evelyne Axell, Du viol d\u2019Ingres au retour de Tarzan \u00bb, 19.05 \u2013 10.09.2006, Mus\u00e9e d\u2019art Roger-Quillot, Clermont-Ferrand, France<br>\u201cThe Sixties seen by Evelyne Axell\u201d, 04.10 \u2013 18.11.2006, Patrick Derom Gallery, Brussels, Belgium<\/p>\n\n\n\n<p>2005<br>Individuelles \u2013 Solo<br>\u201cEvelyne Axell\u201d, 24.03 \u2013 04.07.2005, The Mayor Gallery, London, UK<\/p>\n\n\n\n<p>Groupe &#8211; Group<br>\u201cPop Art &amp; Co.\u201d, 19.01 \u2013 06.02.2005, Daimaru Museum, (Umeda, Osaka), Japan<br>\u201cPop Art &amp; Co.\u201d, 19.02 \u2013 27.03.2005, The Museum of Modern Art (Gunma), Japan<br>\u201cPop Art &amp; Co.\u201d, 03.04 \u2013 22.05.2005, The Museum of Art (Kochi), Japan<br>\u201cPop Art &amp; Co.\u201d, 29.05 \u2013 10.07.2005, Hiroshima City Museum of Contemporary Art, Japan<br>\u201cPop Art &amp; Co.\u201d, 26.07 \u2013 28.08.2005, Hokkaido Museum of Modern Art (Sapporo), Japan<br>\u201cPop Art &amp; Co.\u201d, 10.09 \u2013 30.10.2005, Nagoya City Art Museum, Japan<br>\u201cPop Art &amp; Co.\u201d, 06.11 \u2013 26.12.2005, The Bunkamura Museum of Art, Japan<\/p>\n\n\n\n<p>2004<br>Individuelles \u2013 Solo<br>\u00ab Axell. Le Pop Art jusqu\u2019au Paradis \u00bb, 11.09 &#8211; 24.10.2004, Maison de la Culture de la province de Namur, Mus\u00e9e Provincial F\u00e9licien-Rops, Namur, Galerie D\u00e9tour, Jambes, Belgium<\/p>\n\n\n\n<p>Groupe &#8211; Group<br>\u201cThe 1960\u2019s, Painting and Collages\u201d, 13.01 \u2013 01.04.2004, The Mayor Gallery, London, UK<\/p>\n\n\n\n<p>2003<br>Individuelles \u2013 Solo<br>\u201cEvelyne Axell 1935-1972, Erotomobiles\u201d, 04.06 &#8211; 19.07.2003, The Mayor Gallery, London, UK<\/p>\n\n\n\n<p>2002<br>Groupe &#8211; Group<br>\u00ab Portrait en Namurois \u00bb, 28.06 \u2013 10.11.2002, Mus\u00e9e provincial des Arts anciens du Namurois, Namur, Belgium<\/p>\n\n\n\n<p>2001<br>Groupe &#8211; Group<br>\u00ab La vie en Pop \u00bb, Galerie Seine 51, Paris, France<\/p>\n\n\n\n<p>2000<br>Individuelles \u2013 Solo<br>\u00ab Evelyne Axell, 1935-1972. L\u2019amazone du Pop Art\u00bb, 01.03 &#8211; 20.05.2000, Centre Wallonie-Bruxelles, Paris, France<br>\u00ab Evelyne Axell, M\u00e9moire de Bacchante \u00bb, 08.06 &#8211; 30.06.2000, Iselp, Brussels, Belgium<\/p>\n\n\n\n<p>1999<br>Individuelles \u2013 Solo<br>\u00ab Evelyne Axell en de jaren zestig \u00bb, 07.08 \u2013 26.09.1999, Provinciaal Museum voor Moderne Kunst, Ostende, Belgium<\/p>\n\n\n\n<p>Groupe &#8211; Group<br>\u00ab De Picasso \u00e0 Magritte. 40 toiles pour 40 ans de jumelage entre Biarritz et Ixelles \u00bb, 13.12.1999 \u2013 09.01.2000, Mus\u00e9e Bellevue, Biarritz, France<\/p>\n\n\n\n<p>1997<br>Individuelles \u2013 Solo<br>\u00ab Evelyne Axell et les ann\u00e9es 60. Un frisson de la vie (Het ruisen van het leven) \u00bb, 10.10 \u2013 14.12.1997, Mus\u00e9e des Beaux-Arts d\u2019Ixelles, Brussels, Belgium<\/p>\n\n\n\n<p>1992<br>Groupe &#8211; Group<br>\u201cARTificial WOMEN\u201d, Galerie Cotthem, Zottegem, Belgium<\/p>\n\n\n\n<p>1991<br>Groupe &#8211; Group<br>\u00ab Autoportraits en Belgique depuis 1945 \u00bb, 23.11 \u2013 31.12.1991, Maison de la Culture de la province de Namur, Belgium<\/p>\n\n\n\n<p>1987<br>Groupe &#8211; Group<br>\u00ab Femmes artistes en Namurois \u00bb, 31.10 \u2013 15.11.1997, Halle al\u2019Chair, Namur, Belgium<\/p>\n\n\n\n<p>1980<br>Individuelles \u2013 Solo<br>\u00ab Axell. Derniers dessins \u00bb, 16.04 \u2013 29.05.1980, Galerie Jacqueline Ledoux, Namur, Belgium<\/p>\n\n\n\n<p>Groupe &#8211; Group<br>\u00ab Vies de femmes 1830-1980 \u00bb, 16.10 \u2013 30.11.1980, Europalia Belgique, Banque Bruxelles Lambert, Brussels, Belgium<\/p>\n\n\n\n<p>1979<br>Groupe &#8211; Group<br>\u00ab De jaren \u201960\u2014Kunst in Belgi\u00eb \u00bb, 22.06 \u2013 26.08.1979, Centre d\u2019expositions Sint-Pietersabdij, Ghent, Belgium<\/p>\n\n\n\n<p>1978<br>Individuelles \u2013 Solo<br>\u00ab Evelyne Axell \u00bb, 12.05 \u2013 18.06.1978, Palais des Beaux-Arts, Brussels, Belgium<\/p>\n\n\n\n<p>1975<br>Groupe &#8211; Group<br>\u00ab La Femme dans l\u2019art \u00bb, Mus\u00e9es royaux des Beaux-Arts de Belgique, Brussels, Belgium<\/p>\n\n\n\n<p>1973<br>Groupe &#8211; Group<br>\u00ab La V\u00e9nus de Milo ou les dangers de la c\u00e9l\u00e9brit\u00e9 \u00bb, 19.01 &#8211; 26.02.1973, Mus\u00e9e des Arts D\u00e9coratifs &#8211; Palais du Louvre, Paris, France<\/p>\n\n\n\n<p>1972<br>Individuelles \u2013 Solo<br>Cultureel Centrum, 12.1972 \u2013 03.1973, Arnhem, The Netherlands<br>\u00ab Axell \u00bb, 20.04 \u2013 10.05.1972, Galerie Contour, Brussels, Belgium<\/p>\n\n\n\n<p>Groupe &#8211; Group<br>\u00ab La V\u00e9nus de Milo ou les dangers de la c\u00e9l\u00e9brit\u00e9 \u00bb, 12.10 \u2013 11.11.1972, Palais des Beaux-Arts de Bruxelles, Brussels, Belgium<br>\u00ab De Permeke \u00e0 nos jours \u00bb, 18.01 &#8211; 25.02.1972, Palais des Beaux-Arts de Bruxelles, Brussels, Belgium<\/p>\n\n\n\n<p>1971<br>Individuelles \u2013 Solo<br>\u00ab Axell \u00bb, 29.01 &#8211; 21.02.1971, Palais des Beaux-Arts de Bruxelles, Brussels, Belgium<br>\u201cEvelyne Axell\u201d, Galerie Flat 5, 16.10 &#8211; 05.11.1971, Bruges, Belgium<\/p>\n\n\n\n<p>Groupe &#8211; Group<br>\u00ab Tweede Tri\u00ebnnale \u00bb, 15.07 &#8211; 15.09.1971, Bruges, Belgium<br>Mention au Prix International, (competition), Knokke, Belgium<br>M\u00e9daille \u201cPrix Europe\u201d, (competition), 20.06 &#8211; 31.07.1971, Ostende, Belgium<br>Winter Art Show, Brussels, Belgium<br>Galerie Klang, Cologne, Germany<br>Galerie Richard Foncke, Ghent, Belgium<br>\u201cD\u2019apr\u00e9s\u2014Omaggi e dissacrazioni nell\u2019arte contemporanea \u00bb, 23.04 \u2013 01.06.1971, Rassegna Internazionale delle Arti e della Cultura, Lugano, Switzerland<\/p>\n\n\n\n<p>1970<br>Groupe &#8211; Group<br>\u00ab Images et signes de notre temps \u00bb, Mus\u00e9es Royaux des Beaux-Arts de Belgique, Brussels, Belgium<br>\u00ab Pop Art\u2014Nouveau R\u00e9alisme\u2014N\u00e9o Dada et tendances apparent\u00e9es \u00bb, 06 \u2013 09.1970, Casino Knokke, Belgium<br>\u00ab Le plastique et l\u2019art contemporain \u00bb, 02.06 \u2013 10.06.1970, Grand Palais, porte de Versailles, Paris, France<br>\u00ab Belgische Kunst 1960-1970 \u00bb, 04.09 \u2013 04.10.1970, Kunstverein, Cologne, Germany<br>\u00ab Multiples \u00bb, Galerie Rive gauche, Brussels, Belgium<br>\u00ab Grand Prix &#8211; Jeune peinture belge \u00bb, (competition 1969), 06.03 \u2013 28.03.1970, Palais des Beaux-Arts, Brussels, Belgium<\/p>\n\n\n\n<p>1969<br>Individuelles \u2013 Solo<br>\u201cAxell\u201d, Galerie Estro Armonico, 02 \u2013 03.1969, Brussels, Belgium<br>\u00ab Axell \u00bb, 26.04 \u2013 09.05.1969, Galerie Richard Foncke, Ghent, Belgium<br>\u00ab Axell, Pierre et les Opalines \u00bb, 25.11 \u2013 13.12.1969, Galerie Daniel Templon, Paris, France<\/p>\n\n\n\n<p>1968<br>Groupe &#8211; Group<br>\u00ab Alternative Attuali 3\u00bb, Castello Spagnolo, 07 \u2013 09.1968, L\u2019Aquila, Italia<\/p>\n\n\n\n<p>1967-68<br>Groupe &#8211; Group<br>Galerie Accent, Brussels, Belgium<\/p>\n\n\n\n<p>1967<br>Individuelles \u2013 Solo<br>\u00ab Axell \u00bb, 20.01 \u2013 31.01.1967, Palais des Beaux-Arts de Bruxelles, Brussels, Belgium<br>\u00ab Evelyne Axell \u00bb, 13.10 \u2013 08.11.1967, Galerie Contour, Brussels, Belgium<\/p>\n\n\n\n<p>Groupe &#8211; Group<br>Schwarz galleria d\u2019Arte, Milan, Italy<br>Biennale des Jeunes, Paris, France<br>XV Premio Lissone Internazionale di Pittura, (Prix), 29.10 \u2013 26.11.1967, Milan, Italy<\/p>\n\n\n\n<p>1966<br>Groupe &#8211; Group<br>Mention \u00ab Jeune peinture belge \u00bb, (competition), 05.02 \u2013 15.02.1966, Palais des Beaux-Arts, Brussels, Belgium<br>\u00ab Bo\u00eetes \u00e0 secrets, \u00e0 surprises \u00bb, 01.12 \u2013 24.12.1966, Galerie Maya, Brussels, Belgium<\/p>\n\n\n\n<p>1965<br>Groupe &#8211; Group<br>\u00ab Arts d\u2019Extr\u00e8me-Occident \u00bb, Galerie l\u2019Angle Aigu, Brussels, Belgium<\/p>\n<\/div><\/div>\n","protected":false},"excerpt":{"rendered":"<p>Evelyne Axell N\u00e9e le 16 ao\u00fbt 1935 \u00e0 Namur, en Belgique, Evelyne Axell (n\u00e9e Devaux) grandit au sein d\u2019une famille catholique traditionnelle de la classe moyenne. Son p\u00e8re, Andr\u00e9 Devaux, jouit d\u2019une solide r\u00e9putation d\u2019orf\u00e8vre et de bijoutier dans la <a class=\"more-link\" href=\"https:\/\/www.evelyne-axell.info\/fra\/biographie\/\">Lire la suite&#8230;<\/a><\/p>\n","protected":false},"author":1,"featured_media":0,"parent":0,"menu_order":2,"comment_status":"closed","ping_status":"closed","template":"","meta":{"ngg_post_thumbnail":0,"footnotes":""},"class_list":["post-24","page","type-page","status-publish","hentry"],"jetpack_sharing_enabled":true,"_links":{"self":[{"href":"https:\/\/www.evelyne-axell.info\/fra\/wp-json\/wp\/v2\/pages\/24","targetHints":{"allow":["GET"]}}],"collection":[{"href":"https:\/\/www.evelyne-axell.info\/fra\/wp-json\/wp\/v2\/pages"}],"about":[{"href":"https:\/\/www.evelyne-axell.info\/fra\/wp-json\/wp\/v2\/types\/page"}],"author":[{"embeddable":true,"href":"https:\/\/www.evelyne-axell.info\/fra\/wp-json\/wp\/v2\/users\/1"}],"replies":[{"embeddable":true,"href":"https:\/\/www.evelyne-axell.info\/fra\/wp-json\/wp\/v2\/comments?post=24"}],"version-history":[{"count":38,"href":"https:\/\/www.evelyne-axell.info\/fra\/wp-json\/wp\/v2\/pages\/24\/revisions"}],"predecessor-version":[{"id":1454,"href":"https:\/\/www.evelyne-axell.info\/fra\/wp-json\/wp\/v2\/pages\/24\/revisions\/1454"}],"wp:attachment":[{"href":"https:\/\/www.evelyne-axell.info\/fra\/wp-json\/wp\/v2\/media?parent=24"}],"curies":[{"name":"wp","href":"https:\/\/api.w.org\/{rel}","templated":true}]}}