{"id":135,"date":"2009-09-23T18:32:11","date_gmt":"2009-09-23T17:32:11","guid":{"rendered":"http:\/\/www.evelyne-axell.com\/blog1\/?page_id=135"},"modified":"2013-08-11T23:40:18","modified_gmt":"2013-08-11T21:40:18","slug":"presentation","status":"publish","type":"page","link":"https:\/\/www.evelyne-axell.info\/fra\/presentation\/","title":{"rendered":"Pr\u00e9sentation"},"content":{"rendered":"<div id=\"attachment_534\" style=\"width: 910px\" class=\"wp-caption alignnone\"><img data-recalc-dims=\"1\" loading=\"lazy\" decoding=\"async\" aria-describedby=\"caption-attachment-534\" class=\" wp-image-534\" title=\"Axell devant Campus (1970)\" alt=\"Axell devant Campus (1970)\" src=\"https:\/\/i0.wp.com\/www.evelyne-axell.info\/fra\/wp-content\/uploads\/2009\/09\/Axell-vor-Campus_ca-1970.jpg?resize=860%2C418&#038;ssl=1\" width=\"860\" height=\"418\" srcset=\"https:\/\/i0.wp.com\/www.evelyne-axell.info\/fra\/wp-content\/uploads\/2009\/09\/Axell-vor-Campus_ca-1970.jpg?w=900&amp;ssl=1 900w, https:\/\/i0.wp.com\/www.evelyne-axell.info\/fra\/wp-content\/uploads\/2009\/09\/Axell-vor-Campus_ca-1970.jpg?resize=300%2C145&amp;ssl=1 300w, https:\/\/i0.wp.com\/www.evelyne-axell.info\/fra\/wp-content\/uploads\/2009\/09\/Axell-vor-Campus_ca-1970.jpg?resize=720%2C349&amp;ssl=1 720w\" sizes=\"auto, (max-width: 860px) 100vw, 860px\" \/><p id=\"caption-attachment-534\" class=\"wp-caption-text\">Axell devant Campus (1970)<\/p><\/div>\n<h1>Evelyne Axell &#8211; Un frisson de la vie.<\/h1>\n<p>Texte de Pierre Restany<\/p>\n<address>\u00a0<img data-recalc-dims=\"1\" loading=\"lazy\" decoding=\"async\" class=\"size-full wp-image-536 \" title=\"Pierre Restany\" alt=\"Pierre Restany\" src=\"https:\/\/i0.wp.com\/www.evelyne-axell.info\/fra\/wp-content\/uploads\/2009\/09\/Restany.jpg?resize=131%2C186&#038;ssl=1\" width=\"131\" height=\"186\" srcset=\"https:\/\/i0.wp.com\/www.evelyne-axell.info\/fra\/wp-content\/uploads\/2009\/09\/Restany.jpg?w=131&amp;ssl=1 131w, https:\/\/i0.wp.com\/www.evelyne-axell.info\/fra\/wp-content\/uploads\/2009\/09\/Restany.jpg?resize=105%2C150&amp;ssl=1 105w\" sizes=\"auto, (max-width: 131px) 100vw, 131px\" \/><br \/>\nPierre Restany (1930 &#8211; 2003)<\/address>\n<p><span style=\"font-family: Arial,Helvetica,Geneva,Sans-serif,sans-serif;\">La vie, Axell l&rsquo;aimait int\u00e9gralement, de fa\u00e7on instinctive, organique, inexorable; elle l&rsquo;aimait doublement, pour ainsi dire, \u00e0 deux niveaux, celui du plaisir et celui du destin: le plaisir d&rsquo;\u00eatre, la sensualit\u00e9 vitaliste d&rsquo;\u00eatre bien dans sa peau \u2013 le pressentiment d&rsquo;un destin achill\u00e9en, le rapport aigu au temps, l&rsquo;engagement dans son \u00e9poque. <\/span><\/p>\n<p><span style=\"font-family: Arial,Helvetica,Geneva,Sans-serif,sans-serif;\">La rigueur morale venait compenser la fougue de l&rsquo;extroversion h\u00e9doniste. L&rsquo;alchimie existentielle d&rsquo;Axell reposait sur les dosages respectifs de ces deux motivations fondamentales, dont l&rsquo;apparente autonomie ne pouvait que surprendre., de prime abord. <\/span><\/p>\n<p><span style=\"font-family: Arial,Helvetica,Geneva,Sans-serif,sans-serif;\"><img data-recalc-dims=\"1\" loading=\"lazy\" decoding=\"async\" class=\"size-full wp-image-538 alignleft\" title=\"Ev+Dominique\" alt=\"Ev+Dominique\" src=\"https:\/\/i0.wp.com\/www.evelyne-axell.info\/fra\/wp-content\/uploads\/2009\/09\/Ev%2BDominique1.jpg?resize=150%2C190&#038;ssl=1\" width=\"150\" height=\"190\" srcset=\"https:\/\/i0.wp.com\/www.evelyne-axell.info\/fra\/wp-content\/uploads\/2009\/09\/Ev%2BDominique1.jpg?w=150&amp;ssl=1 150w, https:\/\/i0.wp.com\/www.evelyne-axell.info\/fra\/wp-content\/uploads\/2009\/09\/Ev%2BDominique1.jpg?resize=118%2C150&amp;ssl=1 118w\" sizes=\"auto, (max-width: 150px) 100vw, 150px\" \/>Dominique Rolin, auteur des dialogues d&rsquo;un film dont Axell \u00e9tait la vedette, a parfaitement d\u00e9crit le pouvoir irradiant du personnage dans sa double valence: \u00a0\u00bb \u2026 on la sentait heureuse, \u00e9quilibr\u00e9e, s\u00fbre de ses dons. Pourtant, au-dessous de sa discr\u00e8te assurance, on devinait \u00e9galement un besoin d&rsquo;exigence, et, disons, d&rsquo;aust\u00e9rit\u00e9 qu&rsquo;il \u00e9tait difficile d&rsquo;admettre: avec ses cheveux noirs, sa peau lumineuse, un corps \u00e0 la fois svelte et rond, elle aurait pu se contenter d&rsquo;\u00eatre une fleur\u2026\u00a0\u00bb.<\/span><\/p>\n<p><span style=\"font-family: Arial,Helvetica,Geneva,Sans-serif,sans-serif;\">Le destin d&rsquo;Axell \u00e9tait ailleurs, il l&rsquo;attendait sur ce frisson de la vie, dans la sph\u00e8re de la communication globale, \u00e0 un moment de singuli\u00e8re turbulence, et de fulgurante acc\u00e9l\u00e9ration. L&rsquo;incidence du temps sur sa carri\u00e8re se manifeste de fa\u00e7on spectaculaire. <\/span><\/p>\n<p><span style=\"font-family: Arial,Helvetica,Geneva,Sans-serif,sans-serif;\">L&rsquo;\u0153uvre proprement picturale d&rsquo;Axell s&rsquo;\u00e9tend sur sept ans, de 1965 \u00e0 1972. Sept ann\u00e9es pr\u00e9c\u00e9dentes, de 1955 \u00e0 1962 avaient \u00e9t\u00e9 d\u00e9di\u00e9es \u00e0 sa carri\u00e8re de com\u00e9dienne. <\/span><\/p>\n<p><span style=\"font-family: Arial,Helvetica,Geneva,Sans-serif,sans-serif;\"><img data-recalc-dims=\"1\" loading=\"lazy\" decoding=\"async\" class=\"alignright size-full wp-image-541\" alt=\"photoplateau\" src=\"https:\/\/i0.wp.com\/www.evelyne-axell.info\/fra\/wp-content\/uploads\/2009\/09\/photoplateau2.jpg?resize=150%2C161&#038;ssl=1\" width=\"150\" height=\"161\" srcset=\"https:\/\/i0.wp.com\/www.evelyne-axell.info\/fra\/wp-content\/uploads\/2009\/09\/photoplateau2.jpg?w=150&amp;ssl=1 150w, https:\/\/i0.wp.com\/www.evelyne-axell.info\/fra\/wp-content\/uploads\/2009\/09\/photoplateau2.jpg?resize=139%2C150&amp;ssl=1 139w\" sizes=\"auto, (max-width: 150px) 100vw, 150px\" \/>Deux ann\u00e9es de transition entre les deux phases, sym\u00e9triques dans leur succession, de sa vocation. Ann\u00e9es d&rsquo;initiation aussi: le cin\u00e9aste Jean Antoine qui tourne un film avec elle, lui fait rencontrer Magritte. Le premier deviendra son mari, le second son mentor pictural.<\/span><\/p>\n<p><span style=\"font-family: Arial,Helvetica,Geneva,Sans-serif,sans-serif;\">Evelyne Axell est n\u00e9e \u00e0 Namur en 1935 et morte d&rsquo;un accident de voiture \u00e0 Zwijnaerde en 1972. Sept ans de peinture sur 37 ans de vie. Sept ans qui correspondent \u00e0 la grande p\u00e9riode de globalisation culturelle des ann\u00e9es &rsquo;60 et \u00e0 ses p\u00e9rip\u00e9ties culminantes. <span style=\"font-family: Arial,Helvetica,Geneva,Sans-serif,sans-serif;\">Quand Axell commence \u00e0 s&rsquo;affirmer en peinture, avec des \u0153uvres comme Axell-\u00e9ration ou \u00e9rotomobile, la jeunesse du monde entier, de Londres \u00e0 Moscou, de Tokyo \u00e0 Buenes-Aires vit \u00e0 l&rsquo;heure pop. Le lifestyle urbain m\u00e9tropolitain d&rsquo;un quartier de New York est devenu un mod\u00e8le existentiel plan\u00e9taire: le pop art est au centre d&rsquo;une constellation socio-culturelle o\u00f9 il voisine avec la pop song, la pop music, les hamburgers, les jeans, les snickers et le pop corn.<\/span><\/span><\/p>\n<p><span style=\"font-family: Arial,Helvetica,Geneva,Sans-serif,sans-serif;\"><img data-recalc-dims=\"1\" loading=\"lazy\" decoding=\"async\" class=\"alignleft size-full wp-image-539\" alt=\"Axell\u00e9ration\" src=\"https:\/\/i0.wp.com\/www.evelyne-axell.info\/fra\/wp-content\/uploads\/2009\/09\/s_Axell%C3%A9ration1.jpg?resize=175%2C145&#038;ssl=1\" width=\"175\" height=\"145\" srcset=\"https:\/\/i0.wp.com\/www.evelyne-axell.info\/fra\/wp-content\/uploads\/2009\/09\/s_Axell%C3%A9ration1.jpg?w=175&amp;ssl=1 175w, https:\/\/i0.wp.com\/www.evelyne-axell.info\/fra\/wp-content\/uploads\/2009\/09\/s_Axell%C3%A9ration1.jpg?resize=150%2C124&amp;ssl=1 150w\" sizes=\"auto, (max-width: 175px) 100vw, 175px\" \/>Les leaders du nouveau r\u00e9alisme europ\u00e9en consolident la seconde vague de leur affirmation. Tinguely et Martial Raysse, pour ne citer qu&rsquo;eux, sont au fa\u00eete de leur carri\u00e8re. Niki de Saint-Phalle c\u00e9l\u00e8bre avec ses nanas le f\u00e9minisme triomphant, et C\u00e9sar passe des compressions d&rsquo;automobiles aux expansions de polyur\u00e9thanne. <\/span><\/p>\n<p><span style=\"font-family: Arial,Helvetica,Geneva,Sans-serif,sans-serif;\">Mai &rsquo;68 est le sympt\u00f4me avant-coureur du changement de soci\u00e9t\u00e9\u00a0\u00bb, du passage du monde industriel au monde post-industriel. Il proclame la reconnaissance de l&rsquo;alt\u00e9rit\u00e9 et le droit \u00e0 la diff\u00e9rence: l&rsquo;autre, ce sont toutes le minorit\u00e9s contestataires qui peuvent enfin faire entendre leur voix: minorit\u00e9s ethniques, sexuelles, socio-\u00e9conomiques et socio-politiques. <\/span><\/p>\n<p><span style=\"font-family: Arial,Helvetica,Geneva,Sans-serif,sans-serif;\">L&rsquo;\u00e9t\u00e9 &rsquo;69 c&rsquo;est aussi l&rsquo;invasion des chars sovi\u00e9tiques \u00e0 Prague, tandis que l&rsquo;\u00e9t\u00e9 suivant, celui de 1969 voit le premier astronaute am\u00e9ricain poser le pied sur la lune. 1970 verra la ville de Milan saluer somptueusement le X\u00e8me anniversaire du nouveau r\u00e9alisme.<\/span><\/p>\n<p><span style=\"font-family: Arial,Helvetica,Geneva,Sans-serif,sans-serif;\">Voil\u00e0 le rythme existentiel, le d\u00e9cor politique, l&rsquo;oxyg\u00e8ne ambiantal des ann\u00e9es &rsquo;60. C&rsquo;est dans ce tourbillon dynamique que s&rsquo;est d\u00e9velopp\u00e9e l&rsquo;\u0153uvre d&rsquo;Axell et sa force expansive n&rsquo;aura connu aucun rel\u00e2chement. <\/span><\/p>\n<p><span style=\"font-family: Arial,Helvetica,Geneva,Sans-serif,sans-serif;\">La mort pr\u00e9coce lui a \u00e9vit\u00e9 de conna\u00eetre la grande crise du p\u00e9trole et du dollar en 1973, et \u00e0 partir de cette date aussi, les retomb\u00e9es terroristes du Parti arm\u00e9, des Brigades Rouges \u00e0 la Rote Armee Fraktion.<\/span><\/p>\n<p align=\"left\"><span style=\"font-family: Arial,Helvetica,Geneva,Sans-serif,sans-serif;\">Ce frisson de la vie ne pouvait que la stimuler, elle s&rsquo;y identifiait pleinement. Jamais l&rsquo;art ne s&rsquo;\u00e9tait aussi rapproch\u00e9 de la vie, \u00e0 travers l&rsquo;appropriation de la nature moderne, urbaine, industrielle, m\u00e9diatique. <\/span><\/p>\n<p align=\"left\"><span style=\"font-family: Arial,Helvetica,Geneva,Sans-serif,sans-serif;\">Pour t\u00e9moigner d&rsquo;une pleine adh\u00e9sion \u00e0 la dynamique de son temps elle abandonne tout naturellement la peinture \u00e0 l&rsquo;huile pour explorer la gamme de r\u00e9sines plastiques et notamment le plexiglas, le polym\u00e9tacrylate de m\u00e9thyle, qu&rsquo;elle utilisera volontiers dans sa coloration opaline. <\/span><\/p>\n<p align=\"left\"><span style=\"font-family: Arial,Helvetica,Geneva,Sans-serif,sans-serif;\">Tous ces plastiques synth\u00e9tiques sont en voie d&rsquo;exp\u00e9rimentation ou d&rsquo;affinement \u00e0 cette \u00e9poque, et il lui arrivera de devoir abandonner un mat\u00e9riau, du fait de la cessation de sa commercialisation. <\/span><\/p>\n<p align=\"left\"><span style=\"font-family: Arial,Helvetica,Geneva,Sans-serif,sans-serif;\">Axell a su jouer avec les possibilit\u00e9s de translucidit\u00e9 ou de transparence des r\u00e9sines plastiques en les coloriant \u00e0 l&rsquo;\u00e9mail. <\/span><\/p>\n<p align=\"left\"><span style=\"font-family: Arial,Helvetica,Geneva,Sans-serif,sans-serif;\">Le support de l&rsquo;image peinte contribue ainsi organiquement \u00e0 sa modernit\u00e9 et l&rsquo;on peut voir sur sept ans de production d&rsquo;Axell la marque du d\u00e9veloppement parall\u00e8le de la technologie du plastique pendant la m\u00eame \u00e9poque. Le plexiglas opalin sur lequel se fixera finalement son choix apporte une solution heureuse aux probl\u00e8mes d&rsquo;expressivit\u00e9 de son langage.<\/span><\/p>\n<p><span style=\"font-family: Arial,Helvetica,Geneva,Sans-serif,sans-serif;\">C&rsquo;est \u00e0 travers le corps de la femme, et avant tout le sien, qu&rsquo;Axell nous communique le frisson de vie qui anime son enti\u00e8re trajectoire picturale. D\u00e8s 1966 le style affirme son originalit\u00e9. Aucune h\u00e9sitation, aucun repentir: l&rsquo;artiste impose d&#8217;embl\u00e9e sa d\u00e9finition de l&rsquo;image, et en pleine phase expansive de la soci\u00e9t\u00e9 de consommation, elle entend bien nous montrer que ce corps de femme trait\u00e9 tous azimuts, n&rsquo;est pas un objet de consommation. Il ressort d&#8217;embl\u00e9e du trac\u00e9 des formes, du choix de l&rsquo;attitude que le peintre entend donner \u00e0 ces nus l&rsquo;image d&rsquo;une femme libre, sans complexes, s\u00fbre d&rsquo;elle-m\u00eame et de sa f\u00e9minit\u00e9: une conscience d&rsquo;\u00eatre qui va de soi.<\/span><\/p>\n<p><span style=\"font-family: Arial,Helvetica,Geneva,Sans-serif,sans-serif;\"><span style=\"font-family: Arial,Helvetica,Geneva,Sans-serif,sans-serif;\"><img data-recalc-dims=\"1\" loading=\"lazy\" decoding=\"async\" class=\"alignleft size-full wp-image-542\" alt=\"erotomobile\" src=\"https:\/\/i0.wp.com\/www.evelyne-axell.info\/fra\/wp-content\/uploads\/2009\/09\/s_erotomobile2.jpg?resize=125%2C128&#038;ssl=1\" width=\"125\" height=\"128\" \/>1966 a \u00e9t\u00e9 une ann\u00e9e tr\u00e8s f\u00e9conde dans la production de l&rsquo;artiste. Toute une s\u00e9rie d&rsquo;\u0153uvres traite du rapport de la femme \u00e0 l&rsquo;automobile: Ceinture de s\u00e9curit\u00e9, Clef de contact, Erotomobile. Elle prend un sens pr\u00e9monitoire \u00e9tant donn\u00e9 l&rsquo;accident mortel qui a interrompu la carri\u00e8re d&rsquo;Axell.<\/span><\/span><\/p>\n<p><span style=\"font-family: Arial,Helvetica,Geneva,Sans-serif,sans-serif;\">Mais quelle que soit l&rsquo;importance de l&rsquo;objet manufactur\u00e9, il n&rsquo;opprime pas, il n&rsquo;oblit\u00e8re pas le corps, il coexiste avec lui. Erotomobile figure deux corps nus \u00e9tendus dans l&rsquo;espace, t\u00eates r\u00e9unies joue contre joue. Un pneu rouge centre l&rsquo;amorce du baiser. Cette sensation d&rsquo;autonomie du corps en accentue la disponibilit\u00e9 \u00e9rotique.<\/span><\/p>\n<p align=\"left\"><span style=\"font-family: Arial,Helvetica,Geneva,Sans-serif,sans-serif;\">Pour reprendre une constatation capitale, frappante pour moi quand je l&rsquo;ai faite \u00e0 l&rsquo;\u00e9poque, \u00ab\u00a0l&rsquo;\u00e9rotisme d&rsquo;Axell est une part int\u00e9grante du folklore urbain et de la nature moderne. Il est pleine app\u00e9tence, \u00ab\u00a0amour\u00a0\u00bb au sens sociologique du terme. Le rite de la volupt\u00e9 est devenu langage du d\u00e9sir. <\/span><\/p>\n<p align=\"left\"><span style=\"font-family: Arial,Helvetica,Geneva,Sans-serif,sans-serif;\">La recherche du bonheur sexuel ignore d\u00e9sormais les tabous de la clandestinit\u00e9. L&rsquo;\u00e9rotisme comme l&rsquo;art, a chang\u00e9 de perspectives: de l&rsquo;esth\u00e9tique \u00e0 l&rsquo;\u00e9thique. La v\u00e9rit\u00e9 du plaisir, fondement absolu du plaisir \u00e9rotique, est \u00e0 la base d&rsquo;une moralit\u00e9 nouvelle: non au rite secret, oui \u00e0 la communication de masse.\u00a0\u00bb<\/span><\/p>\n<p align=\"left\"><span style=\"font-family: Arial,Helvetica,Geneva,Sans-serif,sans-serif;\">Ce parti pris d&rsquo;extroversion \u00e9rotique s&rsquo;affirme tout au long de l&rsquo;\u0153uvre. Qu&rsquo;elle soit odalisque, persane, tch\u00e8que ou petite f\u00e9line rose, la femme d&rsquo;Axell affirme dans la souple immanence de sa pr\u00e9sence, son droit \u00e0 porter t\u00e9moignage de l&rsquo;organique p\u00e9rennit\u00e9 du d\u00e9sir. <\/span><\/p>\n<p align=\"left\"><span style=\"font-family: Arial,Helvetica,Geneva,Sans-serif,sans-serif;\">Sensible aux \u00e9v\u00e9nements de mai &rsquo;68, Axell projette d\u00e9lib\u00e9r\u00e9ment la dynamique solitaire du d\u00e9sir sur la perspective de l&rsquo;impulsion collective. Le grand triptyque du Mus\u00e9e d&rsquo;Ostende, son chef d&rsquo;\u0153uvre de plexiglas opalin (1970), met en sc\u00e8ne un groupe de jeunes gens nus, domin\u00e9 en arri\u00e8re-plan par la silhouette d&rsquo;une jeune fille brandissant le drapeau rouge. <\/span><\/p>\n<div id=\"attachment_545\" style=\"width: 430px\" class=\"wp-caption aligncenter\"><img data-recalc-dims=\"1\" loading=\"lazy\" decoding=\"async\" aria-describedby=\"caption-attachment-545\" class=\"wp-image-545 \" title=\"Le joli mois de mai\" alt=\"Le joli mois de mai\" src=\"https:\/\/i0.wp.com\/www.evelyne-axell.info\/fra\/wp-content\/uploads\/2009\/09\/Le-joli-mois-de-mai1.jpg?resize=420%2C315&#038;ssl=1\" width=\"420\" height=\"315\" srcset=\"https:\/\/i0.wp.com\/www.evelyne-axell.info\/fra\/wp-content\/uploads\/2009\/09\/Le-joli-mois-de-mai1.jpg?w=600&amp;ssl=1 600w, https:\/\/i0.wp.com\/www.evelyne-axell.info\/fra\/wp-content\/uploads\/2009\/09\/Le-joli-mois-de-mai1.jpg?resize=150%2C112&amp;ssl=1 150w, https:\/\/i0.wp.com\/www.evelyne-axell.info\/fra\/wp-content\/uploads\/2009\/09\/Le-joli-mois-de-mai1.jpg?resize=533%2C400&amp;ssl=1 533w, https:\/\/i0.wp.com\/www.evelyne-axell.info\/fra\/wp-content\/uploads\/2009\/09\/Le-joli-mois-de-mai1.jpg?resize=300%2C225&amp;ssl=1 300w\" sizes=\"auto, (max-width: 420px) 100vw, 420px\" \/><p id=\"caption-attachment-545\" class=\"wp-caption-text\">Le joli mois de mai<\/p><\/div>\n<p align=\"left\"><span style=\"font-family: Arial,Helvetica,Geneva,Sans-serif,sans-serif;\">Nous sommes loin du volontarisme r\u00e9volutionnaire de Delacroix. Ce n&rsquo;est plus la libert\u00e9 qui guide le peuple. La libert\u00e9 aux seins nus d&rsquo;Axell est l&rsquo;\u00e9manation du d\u00e9sir collectif, de la dynamique \u00e9rotique de masse issue de l&rsquo;assembl\u00e9e des jeunes, assis dans l&rsquo;herbe au premier plan, \u00e0 l&rsquo;\u00e9coute sereine et gratifiante d&rsquo;on ne sait quel concert pop.<\/span><\/p>\n<p>Axell a tenu \u00e0 personnaliser ce discours collectif par deux panneaux lat\u00e9raux. L&rsquo;un sur le rebord inf\u00e9rieur droit la figure nue avec son attirail symbolique\/professionnel: le seau \u00e0 peinture d&rsquo;une main, le pinceau brandi de l&rsquo;autre.<\/p>\n<p align=\"left\"><span style=\"font-family: Arial,Helvetica,Geneva,Sans-serif,sans-serif;\">Le second panneau, sur le rebord sup\u00e9rieur gauche est un portrait de moi, la main lev\u00e9e, en gourou libertaire. En mai &rsquo;68, j&rsquo;avais ferm\u00e9 le Mus\u00e9e National d&rsquo;Art Moderne de Paris \u00ab\u00a0pour cause d&rsquo;inutilit\u00e9 publique\u00a0\u00bb. Quand elle avait appris la nouvelle l&rsquo;id\u00e9e l&rsquo;avait s\u00e9duite, et elle avait \u00e9clat\u00e9 de son rire de gorge, soyeux et vibrant, par lequel elle manifestait de temps en temps sa profonde joie de vivre.<\/span><\/p>\n<p align=\"left\"><span style=\"font-family: Arial,Helvetica,Geneva,Sans-serif,sans-serif;\">De 1970 datent encore deux t\u00e9moignages majeurs de son engagement id\u00e9ologique: L&rsquo;assembl\u00e9e libre o\u00f9 mon vieil ami Dypr\u00e9au figure en plan central et La participation. <\/span><\/p>\n<div id=\"attachment_544\" style=\"width: 430px\" class=\"wp-caption aligncenter\"><img data-recalc-dims=\"1\" loading=\"lazy\" decoding=\"async\" aria-describedby=\"caption-attachment-544\" class=\"wp-image-544 \" title=\"L'assembl\u00e9e libre\" alt=\"L'assembl\u00e9e libre\" src=\"https:\/\/i0.wp.com\/www.evelyne-axell.info\/fra\/wp-content\/uploads\/2009\/09\/Lassembl%C3%A9e-libre.jpg?resize=420%2C361&#038;ssl=1\" width=\"420\" height=\"361\" srcset=\"https:\/\/i0.wp.com\/www.evelyne-axell.info\/fra\/wp-content\/uploads\/2009\/09\/Lassembl%C3%A9e-libre.jpg?w=600&amp;ssl=1 600w, https:\/\/i0.wp.com\/www.evelyne-axell.info\/fra\/wp-content\/uploads\/2009\/09\/Lassembl%C3%A9e-libre.jpg?resize=150%2C129&amp;ssl=1 150w, https:\/\/i0.wp.com\/www.evelyne-axell.info\/fra\/wp-content\/uploads\/2009\/09\/Lassembl%C3%A9e-libre.jpg?resize=465%2C400&amp;ssl=1 465w, https:\/\/i0.wp.com\/www.evelyne-axell.info\/fra\/wp-content\/uploads\/2009\/09\/Lassembl%C3%A9e-libre.jpg?resize=300%2C258&amp;ssl=1 300w\" sizes=\"auto, (max-width: 420px) 100vw, 420px\" \/><p id=\"caption-attachment-544\" class=\"wp-caption-text\">L&rsquo;assembl\u00e9e libre<\/p><\/div>\n<p align=\"left\"><span style=\"font-family: Arial,Helvetica,Geneva,Sans-serif,sans-serif;\">On y retrouve la m\u00eame mutation politique du d\u00e9sir de masse: l&rsquo;\u00e9rotisme \u00e0 l&rsquo;\u00e9tat brut lib\u00e8re l&rsquo;\u00e9nergie contestataire, le moteur de la communication avec l&rsquo;autre. <\/span><\/p>\n<p align=\"left\"><span style=\"font-family: Arial,Helvetica,Geneva,Sans-serif,sans-serif;\">Une voile l\u00e9ger d&rsquo;humour voile ces images de la chair lucide, la r\u00e9f\u00e9rence \u00e0 l&rsquo;Art nouveau belge y est soulign\u00e9e par la stylisation des formes, la sp\u00e9cificit\u00e9 de la gamme chromatique, et la typographie des titres int\u00e9gr\u00e9s.<\/span><\/p>\n<p align=\"left\"><span style=\"font-family: Arial,Helvetica,Geneva,Sans-serif,sans-serif;\">A partir de C\u0153ur pinc\u00e9, un tondo qui date de la fin 1967 Axell inaugure un bestiaire d&rsquo;un genre sp\u00e9cial, bas\u00e9 sur le homard. <\/span><\/p>\n<p align=\"left\"><span style=\"font-family: Arial,Helvetica,Geneva,Sans-serif,sans-serif;\">L&rsquo;\u00e9rotisme se teinte l\u00e0 d&rsquo;un sadisme l\u00e9ger, qui accentue la dimension solitaire et qui r\u00e9sonne comme une note grave dans cette s\u00e9rie de 1968, qui est franchement plaisante par le jeu des analogies formelles auxquelles se pr\u00eate la morphologie du crustac\u00e9 (pinces \u2013 antennes \u2013 carapace \u2013 ressort de la queue). <\/span><\/p>\n<div id=\"attachment_546\" style=\"width: 472px\" class=\"wp-caption aligncenter\"><img data-recalc-dims=\"1\" loading=\"lazy\" decoding=\"async\" aria-describedby=\"caption-attachment-546\" class=\"wp-image-546 \" title=\"Le homard amoureux 1\" alt=\"Le homard amoureux 1\" src=\"https:\/\/i0.wp.com\/www.evelyne-axell.info\/fra\/wp-content\/uploads\/2009\/09\/RGB-Le-homard-amoureux-1.jpg?resize=462%2C449&#038;ssl=1\" width=\"462\" height=\"449\" srcset=\"https:\/\/i0.wp.com\/www.evelyne-axell.info\/fra\/wp-content\/uploads\/2009\/09\/RGB-Le-homard-amoureux-1.jpg?w=600&amp;ssl=1 600w, https:\/\/i0.wp.com\/www.evelyne-axell.info\/fra\/wp-content\/uploads\/2009\/09\/RGB-Le-homard-amoureux-1.jpg?resize=150%2C145&amp;ssl=1 150w, https:\/\/i0.wp.com\/www.evelyne-axell.info\/fra\/wp-content\/uploads\/2009\/09\/RGB-Le-homard-amoureux-1.jpg?resize=411%2C400&amp;ssl=1 411w, https:\/\/i0.wp.com\/www.evelyne-axell.info\/fra\/wp-content\/uploads\/2009\/09\/RGB-Le-homard-amoureux-1.jpg?resize=300%2C291&amp;ssl=1 300w\" sizes=\"auto, (max-width: 462px) 100vw, 462px\" \/><p id=\"caption-attachment-546\" class=\"wp-caption-text\">Le homard amoureux 1<\/p><\/div>\n<p align=\"left\"><span style=\"font-family: Arial,Helvetica,Geneva,Sans-serif,sans-serif;\">Le homard qui hante volontiers les hauts-fonds de la c\u00f4te belge, demeure, avant d&rsquo;atterrir sur nos bourgeoises assiettes, ce qu&rsquo;il est sous toutes les latitudes, le grand pr\u00e9dateur de la mer. Le c\u00f4t\u00e9 agressif et lent de ses mouvements dans l&rsquo;eau se pr\u00eate ais\u00e9ment aux fantasmes sado-maso latents dans l&rsquo;\u00eatre humain. <\/span><\/p>\n<p align=\"left\"><span style=\"font-family: Arial,Helvetica,Geneva,Sans-serif,sans-serif;\">La femme s&rsquo;en veut la proie facile, \u00e9tendue seule au bord des eaux du r\u00eave, sans d\u00e9fense, les cuisses \u00e9cart\u00e9es, elle songe \u00e0 ce qui pourrait bien se passer, Le jour o\u00f9 les homards \u2026<\/span><\/p>\n<div id=\"attachment_547\" style=\"width: 370px\" class=\"wp-caption aligncenter\"><img data-recalc-dims=\"1\" loading=\"lazy\" decoding=\"async\" aria-describedby=\"caption-attachment-547\" class=\"wp-image-547 \" title=\"Le jour ou les homards...\" alt=\"Le jour ou les homards...\" src=\"https:\/\/i0.wp.com\/www.evelyne-axell.info\/fra\/wp-content\/uploads\/2009\/09\/Axell08-10-009.jpg?resize=360%2C480&#038;ssl=1\" width=\"360\" height=\"480\" srcset=\"https:\/\/i0.wp.com\/www.evelyne-axell.info\/fra\/wp-content\/uploads\/2009\/09\/Axell08-10-009.jpg?w=600&amp;ssl=1 600w, https:\/\/i0.wp.com\/www.evelyne-axell.info\/fra\/wp-content\/uploads\/2009\/09\/Axell08-10-009.jpg?resize=112%2C150&amp;ssl=1 112w, https:\/\/i0.wp.com\/www.evelyne-axell.info\/fra\/wp-content\/uploads\/2009\/09\/Axell08-10-009.jpg?resize=300%2C400&amp;ssl=1 300w\" sizes=\"auto, (max-width: 360px) 100vw, 360px\" \/><p id=\"caption-attachment-547\" class=\"wp-caption-text\">Le jour ou les homards&#8230;<\/p><\/div>\n<p align=\"left\"><span style=\"font-family: Arial,Helvetica,Geneva,Sans-serif,sans-serif;\">A la suite de cette \u00ab\u00a0homardise\u00a0\u00bb passag\u00e8re le bestiaire d&rsquo;Axell \u00e9volue, singuli\u00e8rement dans les ann\u00e9es 1970-72, pour venir s&rsquo;ins\u00e9rer dans une vision \u00e9d\u00e9nique de la nature. Le paradis d&rsquo;Axell est un paradis hollywoodien de bande dessin\u00e9e, l&rsquo;image du retour \u00e0 la nature dans un paysage pour agence de voyages. <\/span><\/p>\n<p align=\"left\"><span style=\"font-family: Arial,Helvetica,Geneva,Sans-serif,sans-serif;\">A ce clich\u00e9 st\u00e9r\u00e9otyp\u00e9 d&rsquo;un tropique destin\u00e9 \u00e0 la consommation de masse, Axell a su donner la r\u00e9sonance d&rsquo;un oasis n\u00e9o-matissien de calme et de volupt\u00e9. Tarzan jaillit de la for\u00eat sur le bord de la plage devant la femme nue \u00e9tendue sur le sable, qui symbolise toutes les possibles \u00ab\u00a0Jane\u00a0\u00bb du monde. <\/span><\/p>\n<p align=\"left\"><span style=\"font-family: Arial,Helvetica,Geneva,Sans-serif,sans-serif;\">L&rsquo;\u00e9rotisme serein qui se fait jour pr\u00e9figure l&rsquo;utopie de l&rsquo;amour-roi dans un univers luxuriant de plages vierges, d\u00e9cor silencieux de couchers de soleil resplendissants et de clairs de lune de miel, d\u00e9bouchant sur de g\u00e9n\u00e9reuses for\u00eats banani\u00e8res hant\u00e9es par de jeunes cormorans et des oiseaux de paradis au bec fureteur. Nous sommes loin de la trivialit\u00e9 triomphante des Great american nudes dans les salles de bain de Wesselman. <\/span><\/p>\n<div id=\"attachment_548\" style=\"width: 370px\" class=\"wp-caption aligncenter\"><img data-recalc-dims=\"1\" loading=\"lazy\" decoding=\"async\" aria-describedby=\"caption-attachment-548\" class=\"wp-image-548 \" title=\"L'oiseau de paradis bleu\" alt=\"L'oiseau de paradis bleu\" src=\"https:\/\/i0.wp.com\/www.evelyne-axell.info\/fra\/wp-content\/uploads\/2009\/09\/CMYK-Loiseau-de-paradis-bleu.jpg?resize=360%2C602&#038;ssl=1\" width=\"360\" height=\"602\" srcset=\"https:\/\/i0.wp.com\/www.evelyne-axell.info\/fra\/wp-content\/uploads\/2009\/09\/CMYK-Loiseau-de-paradis-bleu.jpg?w=600&amp;ssl=1 600w, https:\/\/i0.wp.com\/www.evelyne-axell.info\/fra\/wp-content\/uploads\/2009\/09\/CMYK-Loiseau-de-paradis-bleu.jpg?resize=89%2C150&amp;ssl=1 89w, https:\/\/i0.wp.com\/www.evelyne-axell.info\/fra\/wp-content\/uploads\/2009\/09\/CMYK-Loiseau-de-paradis-bleu.jpg?resize=239%2C400&amp;ssl=1 239w, https:\/\/i0.wp.com\/www.evelyne-axell.info\/fra\/wp-content\/uploads\/2009\/09\/CMYK-Loiseau-de-paradis-bleu.jpg?resize=300%2C502&amp;ssl=1 300w\" sizes=\"auto, (max-width: 360px) 100vw, 360px\" \/><p id=\"caption-attachment-548\" class=\"wp-caption-text\">L&rsquo;oiseau de paradis bleu<\/p><\/div>\n<p>&nbsp;<\/p>\n<p align=\"left\"><span style=\"font-family: Arial,Helvetica,Geneva,Sans-serif,sans-serif;\">La femme d&rsquo;Axell s&rsquo;int\u00e8gre subtilement au paysage \u00e9rotiquement paradisiaque, elle fait part int\u00e9grante de la configuration d&rsquo;une utopie imminente: l&rsquo;arr\u00eat du temps dans la satisfaction du d\u00e9sir. Et c&rsquo;est sans doute la le\u00e7on fondamentale que nous donnent \u00e0 m\u00e9diter les paysage d&rsquo;arcadie tropicale de la fin. <\/span><\/p>\n<p><span style=\"font-family: Arial,Helvetica,Geneva,Sans-serif,sans-serif;\">Une le\u00e7on qu&rsquo;Axell aurait retir\u00e9e de son dernier grand voyage, le Guatemala, o\u00f9 elle allait rencontrer un oncle d&rsquo;Am\u00e9rique perdu puis retrouv\u00e9. Les vieilles civilisations qui retournent \u00e0 la for\u00eat sont un signe du temps, le sympt\u00f4me annonciateur d&rsquo;un pr\u00e9sent permanent: celui du repli de l&rsquo;homme sur la v\u00e9rit\u00e9 de son \u00eatre, l&rsquo;amour de soi qui n&rsquo;est en fin de compte que l&rsquo;amour de la nature.<\/span><\/p>\n<div id=\"attachment_549\" style=\"width: 490px\" class=\"wp-caption aligncenter\"><img data-recalc-dims=\"1\" loading=\"lazy\" decoding=\"async\" aria-describedby=\"caption-attachment-549\" class=\"wp-image-549 \" title=\"Le fruit\" alt=\"Le fruit\" src=\"https:\/\/i0.wp.com\/www.evelyne-axell.info\/fra\/wp-content\/uploads\/2009\/09\/CMYK-Le-fruit.jpg?resize=480%2C377&#038;ssl=1\" width=\"480\" height=\"377\" srcset=\"https:\/\/i0.wp.com\/www.evelyne-axell.info\/fra\/wp-content\/uploads\/2009\/09\/CMYK-Le-fruit.jpg?w=600&amp;ssl=1 600w, https:\/\/i0.wp.com\/www.evelyne-axell.info\/fra\/wp-content\/uploads\/2009\/09\/CMYK-Le-fruit.jpg?resize=150%2C117&amp;ssl=1 150w, https:\/\/i0.wp.com\/www.evelyne-axell.info\/fra\/wp-content\/uploads\/2009\/09\/CMYK-Le-fruit.jpg?resize=509%2C400&amp;ssl=1 509w, https:\/\/i0.wp.com\/www.evelyne-axell.info\/fra\/wp-content\/uploads\/2009\/09\/CMYK-Le-fruit.jpg?resize=300%2C235&amp;ssl=1 300w\" sizes=\"auto, (max-width: 480px) 100vw, 480px\" \/><p id=\"caption-attachment-549\" class=\"wp-caption-text\">Le fruit<\/p><\/div>\n<p><span style=\"font-family: Arial,Helvetica,Geneva,Sans-serif,sans-serif;\">En sept ans de peinture, Axell a v\u00e9cu la modernit\u00e9 globale de son \u00e9poque avec une exceptionnelle intensit\u00e9, elle en a \u00e9pous\u00e9 charnellement la dynamique \u00e9volutive. Elle a aim\u00e9 la vie sans en \u00e9puiser le d\u00e9sir, en payant cash le prix de la solitude. Je ne suis pas loin de penser avec Marcel Moreau que \u00ab\u00a0le temps a manqu\u00e9 \u00e0 Evelyne pour faire en sorte que le f\u00e9minin se soul\u00e8ve vers le divin, dans la palpitation naissante d&rsquo;un projet orgiaque\u00a0\u00bb. <\/span><\/p>\n<p><span style=\"font-family: Arial,Helvetica,Geneva,Sans-serif,sans-serif;\">Mieux vaut qu&rsquo;il en soit ainsi. En nous laissant sur le bord imminent de l&rsquo;utopie d&rsquo;amour, du retour de l&rsquo;homme \u00e0 l&rsquo;\u00e9tat de nature par fusion charnelle des \u00e9l\u00e9ments, elle est comme Mo\u00efse, qui montre aux H\u00e9breux la terre promise, et qui meurt avant d&rsquo;y entrer.<\/span><\/p>\n<p><span style=\"font-family: Arial,Helvetica,Geneva,Sans-serif,sans-serif;\">Evelyne Axell a v\u00e9cu son art comme un destin, fulgurant, exigeant, absolu. Elle nous en laisse le frisson de vie.<\/span><\/p>\n<p><strong><span style=\"font-family: Arial,Helvetica,Geneva,Sans-serif,sans-serif;\">Pierre RESTANY, Ao\u00fbt 1997 \u2013 Paris<\/span><\/strong><\/p>\n","protected":false},"excerpt":{"rendered":"<p>Evelyne Axell &#8211; Un frisson de la vie. Texte de Pierre Restany \u00a0 Pierre Restany (1930 &#8211; 2003) La vie, Axell l&rsquo;aimait int\u00e9gralement, de fa\u00e7on instinctive, organique, inexorable; elle l&rsquo;aimait doublement, pour ainsi dire, \u00e0 deux niveaux, celui du plaisir <a class=\"more-link\" href=\"https:\/\/www.evelyne-axell.info\/fra\/presentation\/\">Lire la suite&#8230;<\/a><\/p>\n","protected":false},"author":1,"featured_media":534,"parent":0,"menu_order":1,"comment_status":"closed","ping_status":"open","template":"tmp-one-column.php","meta":{"ngg_post_thumbnail":0,"footnotes":""},"class_list":["post-135","page","type-page","status-publish","has-post-thumbnail","hentry"],"jetpack_sharing_enabled":true,"_links":{"self":[{"href":"https:\/\/www.evelyne-axell.info\/fra\/wp-json\/wp\/v2\/pages\/135","targetHints":{"allow":["GET"]}}],"collection":[{"href":"https:\/\/www.evelyne-axell.info\/fra\/wp-json\/wp\/v2\/pages"}],"about":[{"href":"https:\/\/www.evelyne-axell.info\/fra\/wp-json\/wp\/v2\/types\/page"}],"author":[{"embeddable":true,"href":"https:\/\/www.evelyne-axell.info\/fra\/wp-json\/wp\/v2\/users\/1"}],"replies":[{"embeddable":true,"href":"https:\/\/www.evelyne-axell.info\/fra\/wp-json\/wp\/v2\/comments?post=135"}],"version-history":[{"count":11,"href":"https:\/\/www.evelyne-axell.info\/fra\/wp-json\/wp\/v2\/pages\/135\/revisions"}],"predecessor-version":[{"id":606,"href":"https:\/\/www.evelyne-axell.info\/fra\/wp-json\/wp\/v2\/pages\/135\/revisions\/606"}],"wp:featuredmedia":[{"embeddable":true,"href":"https:\/\/www.evelyne-axell.info\/fra\/wp-json\/wp\/v2\/media\/534"}],"wp:attachment":[{"href":"https:\/\/www.evelyne-axell.info\/fra\/wp-json\/wp\/v2\/media?parent=135"}],"curies":[{"name":"wp","href":"https:\/\/api.w.org\/{rel}","templated":true}]}}